{"id":12312,"date":"2012-11-16T15:47:45","date_gmt":"2012-11-16T14:47:45","guid":{"rendered":"http:\/\/www.aitordelgado.com\/blog\/"},"modified":"2022-11-29T19:11:18","modified_gmt":"2022-11-29T18:11:18","slug":"bitacora","status":"publish","type":"page","link":"https:\/\/www.aitordelgado.com\/es\/bitacora\/","title":{"rendered":"Bit\u00e1cora"},"content":{"rendered":"<p><div class=\"fusion-fullwidth fullwidth-box fusion-builder-row-1 fusion-flex-container fusion-parallax-none hundred-percent-fullwidth non-hundred-percent-height-scrolling\" style=\"--awb-border-radius-top-left:0px;--awb-border-radius-top-right:0px;--awb-border-radius-bottom-right:0px;--awb-border-radius-bottom-left:0px;--awb-padding-top:120px;--awb-padding-bottom:80px;--awb-background-image:url(&quot;http:\/\/www.aitordelgado.com\/wp-content\/uploads\/2019\/07\/blog-banner.png&quot;);--awb-background-size:cover;--awb-flex-wrap:wrap;\" ><div class=\"fusion-builder-row fusion-row fusion-flex-align-items-flex-start fusion-flex-content-wrap\" style=\"width:104% !important;max-width:104% !important;margin-left: calc(-4% \/ 2 );margin-right: calc(-4% \/ 2 );\"><div class=\"fusion-layout-column fusion_builder_column fusion-builder-column-0 fusion_builder_column_1_1 1_1 fusion-flex-column\" style=\"--awb-bg-size:cover;--awb-width-large:100%;--awb-margin-top-large:0px;--awb-spacing-right-large:1.92%;--awb-margin-bottom-large:20px;--awb-spacing-left-large:1.92%;--awb-width-medium:100%;--awb-spacing-right-medium:1.92%;--awb-spacing-left-medium:1.92%;--awb-width-small:100%;--awb-spacing-right-small:1.92%;--awb-spacing-left-small:1.92%;\"><div class=\"fusion-column-wrapper fusion-column-has-shadow fusion-flex-justify-content-flex-start fusion-content-layout-column\"><div class=\"fusion-text fusion-text-1\" style=\"--awb-text-transform:none;\"><h1 class=\"BigCalson\" style=\"margin-top: 0px; text-align: center; color: #cda052;\">Bit\u00e1cora de Aitor Delgado<\/h1>\n<p class=\"BrandonGrotesque\" style=\"text-align: center; color: #fff;\">Conozca las actividades culturales, deportivas y tradicionales del Pa\u00eds Vasco que seleccionamos para usted mensualmente en esta bit\u00e1cora.<br \/>\nSe abordan adem\u00e1s temas de la historia, la cultura, la arquitectura, el arte, la gastronom\u00eda, lugares de encanto, visitas y excursiones &#8230; que le pueden ayudar en su viaje por el Pa\u00eds Vasco.<br \/>\nH\u00e1ganos llegar su comentarios sobre lo le\u00eddo y para mejorar esta bit\u00e1cora.<\/p>\n<\/div><\/div><\/div><\/div><\/div><div class=\"fusion-fullwidth fullwidth-box fusion-builder-row-2 fusion-flex-container hundred-percent-fullwidth non-hundred-percent-height-scrolling\" style=\"--awb-border-radius-top-left:0px;--awb-border-radius-top-right:0px;--awb-border-radius-bottom-right:0px;--awb-border-radius-bottom-left:0px;--awb-overflow:visible;--awb-flex-wrap:wrap;\" ><div class=\"fusion-builder-row fusion-row fusion-flex-align-items-flex-start fusion-flex-content-wrap\" style=\"width:104% !important;max-width:104% !important;margin-left: calc(-4% \/ 2 );margin-right: calc(-4% \/ 2 );\"><div class=\"fusion-layout-column fusion_builder_column fusion-builder-column-1 fusion_builder_column_1_1 1_1 fusion-flex-column fusion-flex-align-self-flex-start fusion-column-no-min-height\" style=\"--awb-bg-size:cover;--awb-width-large:100%;--awb-margin-top-large:0px;--awb-spacing-right-large:1.92%;--awb-margin-bottom-large:0px;--awb-spacing-left-large:1.92%;--awb-width-medium:100%;--awb-spacing-right-medium:1.92%;--awb-spacing-left-medium:1.92%;--awb-width-small:100%;--awb-spacing-right-small:1.92%;--awb-spacing-left-small:1.92%;\"><div class=\"fusion-column-wrapper fusion-column-has-shadow fusion-flex-justify-content-flex-start fusion-content-layout-column\"><div class=\"fusion-blog-shortcode fusion-blog-shortcode-1 fusion-blog-archive fusion-blog-layout-large fusion-blog-pagination\"><div class=\"fusion-posts-container fusion-posts-container-pagination fusion-blog-rollover\" data-pages=\"6\"><article id=\"blog-1-post-19793\" class=\"fusion-post-large post-19793 post type-post status-publish format-standard has-post-thumbnail hentry category-agenda-vasca category-artes-vascas tag-aitor-delgado-tours-es tag-cultura-vasca\">\n\t<style type=\"text\/css\">\n\t\t\n\t\t\n\t\t\n\t\t\n\t\t\t<\/style>\n\n\n\t\t\t<div class=\"fusion-flexslider flexslider fusion-flexslider-loading fusion-post-slideshow\" style=\"\">\n\t\t<ul class=\"slides\">\n\t\t\t\n\t\t\t\t\t\t\t\t\t\t\t\t\t\t<li><div  class=\"fusion-image-wrapper\" aria-haspopup=\"true\">\n\t\t\t\t<img decoding=\"async\" width=\"1514\" height=\"525\" src=\"https:\/\/www.aitordelgado.com\/wp-content\/uploads\/2026\/04\/Guernica-Assembly-House-Cultural-experience-May-2026-with-Aitor-Delgado-Tours.jpg\" class=\"attachment-full size-full wp-post-image\" alt=\"Casa de Juntas de Guernica - Experiencia cultural mayo de 2026 con Aitor Delgado Tours\" srcset=\"https:\/\/www.aitordelgado.com\/wp-content\/uploads\/2026\/04\/Guernica-Assembly-House-Cultural-experience-May-2026-with-Aitor-Delgado-Tours-200x69.jpg 200w, https:\/\/www.aitordelgado.com\/wp-content\/uploads\/2026\/04\/Guernica-Assembly-House-Cultural-experience-May-2026-with-Aitor-Delgado-Tours-400x139.jpg 400w, https:\/\/www.aitordelgado.com\/wp-content\/uploads\/2026\/04\/Guernica-Assembly-House-Cultural-experience-May-2026-with-Aitor-Delgado-Tours-600x208.jpg 600w, https:\/\/www.aitordelgado.com\/wp-content\/uploads\/2026\/04\/Guernica-Assembly-House-Cultural-experience-May-2026-with-Aitor-Delgado-Tours-800x277.jpg 800w, https:\/\/www.aitordelgado.com\/wp-content\/uploads\/2026\/04\/Guernica-Assembly-House-Cultural-experience-May-2026-with-Aitor-Delgado-Tours-1200x416.jpg 1200w, https:\/\/www.aitordelgado.com\/wp-content\/uploads\/2026\/04\/Guernica-Assembly-House-Cultural-experience-May-2026-with-Aitor-Delgado-Tours.jpg 1514w\" sizes=\"(max-width: 640px) 100vw, 1200px\" \/><div class=\"fusion-rollover\">\n\t<div class=\"fusion-rollover-content\">\n\n\t\t\t\t\t\t\t\t\t\t\t\t\t\t<a class=\"fusion-rollover-link\" href=\"https:\/\/www.aitordelgado.com\/es\/la-cultura-vasca-en-su-maxima-expresion-lo-mas-destacado-de-mayo-de-2026\/\">La cultura vasca en su m\u00e1xima expresi\u00f3n: lo m\u00e1s destacado de mayo de 2026<\/a>\n\t\t\t\n\t\t\t\t\t\t\t\t\t\t\t\t\t\t\n\t\t\t\t\t\t\t\t\n\t\t\t\t\t\t\t\t\t\t\t\t\t<div class=\"fusion-rollover-sep\"><\/div>\n\t\t\t\t\n\t\t\t\t\t\t\t\t\t\t\t\t\t\t\t\t\t\t<a class=\"fusion-rollover-gallery\" href=\"https:\/\/www.aitordelgado.com\/wp-content\/uploads\/2026\/04\/Guernica-Assembly-House-Cultural-experience-May-2026-with-Aitor-Delgado-Tours.jpg\" data-options=\"\" data-id=\"19793\" data-rel=\"iLightbox[gallery]\" data-title=\"Guernica Assembly House - Cultural experience May 2026 with Aitor Delgado Tours\" data-caption=\"\">\n\t\t\t\t\t\tGaler\u00eda\t\t\t\t\t<\/a>\n\t\t\t\t\t\t\t\t\t\t\t\t\t\t\n\t\t\n\t\t\t\t\t\t\t\t\t\t\t\t<h4 class=\"fusion-rollover-title\">\n\t\t\t\t\t<a class=\"fusion-rollover-title-link\" href=\"https:\/\/www.aitordelgado.com\/es\/la-cultura-vasca-en-su-maxima-expresion-lo-mas-destacado-de-mayo-de-2026\/\">\n\t\t\t\t\t\tLa cultura vasca en su m\u00e1xima expresi\u00f3n: lo m\u00e1s destacado de mayo de 2026\t\t\t\t\t<\/a>\n\t\t\t\t<\/h4>\n\t\t\t\n\t\t\t\t\t\t\t\t\t\t<div class=\"fusion-rollover-categories\"><a href=\"https:\/\/www.aitordelgado.com\/es\/category\/agenda-vasca\/\" rel=\"tag\">Agenda Vasca<\/a>, <a href=\"https:\/\/www.aitordelgado.com\/es\/category\/artes-vascas\/\" rel=\"tag\">Artes vascas<\/a><\/div>\t\t\t\t\t\n\t\t\n\t\t\t\t\t\t<a class=\"fusion-link-wrapper\" href=\"https:\/\/www.aitordelgado.com\/es\/la-cultura-vasca-en-su-maxima-expresion-lo-mas-destacado-de-mayo-de-2026\/\" aria-label=\"La cultura vasca en su m\u00e1xima expresi\u00f3n: lo m\u00e1s destacado de mayo de 2026\"><\/a>\n\t<\/div>\n<\/div>\n<\/div>\n<\/li>\n\t\t\t\n\t\t\t\n\t\t\t\t\t\t\t\t\t\t\t\t\t\t\t\t\t\t\t\t\t\t\t\t\t\t\t\t\t\t\t\t\t\t\t\t\t\t\t\t\t\t\t\t\t\t\t\t\t\t\t\t\t\t\t\t\t\t\t\t\t\t\t\t\t\t\t\t<\/ul>\n\t<\/div>\n\t<div class=\"fusion-post-content post-content\"><h2 class=\"blog-shortcode-post-title entry-title\"><a href=\"https:\/\/www.aitordelgado.com\/es\/la-cultura-vasca-en-su-maxima-expresion-lo-mas-destacado-de-mayo-de-2026\/\">La cultura vasca en su m\u00e1xima expresi\u00f3n: lo m\u00e1s destacado de mayo de 2026<\/a><\/h2><div class=\"fusion-post-content-container\"><p>La cultura vasca en mayo de 2026 invita a un encuentro m\u00e1s profundo con el Pa\u00eds Vasco en uno de sus momentos m\u00e1s vibrantes del a\u00f1o. Con la primavera en pleno apogeo, la vida cultural se expande por ciudades, pueblos costeros, vi\u00f1edos y paisajes de monta\u00f1a. [...]<\/p><\/div><\/div><div class=\"fusion-clearfix\"><\/div><div class=\"fusion-meta-info\"><div class=\"fusion-alignleft\">By <span class=\"vcard\"><span class=\"fn\"><a href=\"https:\/\/www.aitordelgado.com\/es\/author\/carlos\/\" title=\"Entradas de Carlos Palenzuela\" rel=\"author\">Carlos Palenzuela<\/a><\/span><\/span><span class=\"fusion-inline-sep\">|<\/span><span>abril 27th, 2026<\/span><span class=\"fusion-inline-sep\">|<\/span>Categories: <a href=\"https:\/\/www.aitordelgado.com\/es\/category\/agenda-vasca\/\" rel=\"category tag\">Agenda Vasca<\/a>, <a href=\"https:\/\/www.aitordelgado.com\/es\/category\/artes-vascas\/\" rel=\"category tag\">Artes vascas<\/a><span class=\"fusion-inline-sep\">|<\/span><span class=\"meta-tags\">Tags: <a href=\"https:\/\/www.aitordelgado.com\/es\/e\/aitor-delgado-tours-es\/\" rel=\"tag\">Aitor Delgado Tours<\/a>, <a href=\"https:\/\/www.aitordelgado.com\/es\/e\/cultura-vasca\/\" rel=\"tag\">Cultura vasca<\/a><\/span><span class=\"fusion-inline-sep\">|<\/span><span class=\"fusion-comments\"><a href=\"https:\/\/www.aitordelgado.com\/es\/la-cultura-vasca-en-su-maxima-expresion-lo-mas-destacado-de-mayo-de-2026\/#respond\">0 Comments<\/a><\/span><\/div><div class=\"fusion-alignright\"><a class=\"fusion-read-more\" href=\"https:\/\/www.aitordelgado.com\/es\/la-cultura-vasca-en-su-maxima-expresion-lo-mas-destacado-de-mayo-de-2026\/\" aria-label=\"More on La cultura vasca en su m\u00e1xima expresi\u00f3n: lo m\u00e1s destacado de mayo de 2026\">Read More<\/a><\/div><\/div><\/article>\n<article id=\"blog-1-post-19642\" class=\"fusion-post-large post-19642 post type-post status-publish format-standard has-post-thumbnail hentry category-arte-vasco\">\n\t<style type=\"text\/css\">\n\t\t\n\t\t\n\t\t\n\t\t\n\t\t\t<\/style>\n\n\n\t\t\t<div class=\"fusion-flexslider flexslider fusion-flexslider-loading fusion-post-slideshow\" style=\"\">\n\t\t<ul class=\"slides\">\n\t\t\t\n\t\t\t\t\t\t\t\t\t\t\t\t\t\t<li><div  class=\"fusion-image-wrapper\" aria-haspopup=\"true\">\n\t\t\t\t<img decoding=\"async\" width=\"1515\" height=\"525\" src=\"https:\/\/www.aitordelgado.com\/wp-content\/uploads\/2026\/04\/Guernica-de-Picasso-con-Aitor-Delgado-Tours-en-Gernika-Luno.jpg\" class=\"attachment-full size-full wp-post-image\" alt=\"Guernica de Picasso con Aitor Delgado Tours en Gernika-Luno Exposici\u00f3n Par\u00eds 1937\" srcset=\"https:\/\/www.aitordelgado.com\/wp-content\/uploads\/2026\/04\/Guernica-de-Picasso-con-Aitor-Delgado-Tours-en-Gernika-Luno-200x69.jpg 200w, https:\/\/www.aitordelgado.com\/wp-content\/uploads\/2026\/04\/Guernica-de-Picasso-con-Aitor-Delgado-Tours-en-Gernika-Luno-400x139.jpg 400w, https:\/\/www.aitordelgado.com\/wp-content\/uploads\/2026\/04\/Guernica-de-Picasso-con-Aitor-Delgado-Tours-en-Gernika-Luno-600x208.jpg 600w, https:\/\/www.aitordelgado.com\/wp-content\/uploads\/2026\/04\/Guernica-de-Picasso-con-Aitor-Delgado-Tours-en-Gernika-Luno-800x277.jpg 800w, https:\/\/www.aitordelgado.com\/wp-content\/uploads\/2026\/04\/Guernica-de-Picasso-con-Aitor-Delgado-Tours-en-Gernika-Luno-1200x416.jpg 1200w, https:\/\/www.aitordelgado.com\/wp-content\/uploads\/2026\/04\/Guernica-de-Picasso-con-Aitor-Delgado-Tours-en-Gernika-Luno.jpg 1515w\" sizes=\"(max-width: 640px) 100vw, 1200px\" \/><div class=\"fusion-rollover\">\n\t<div class=\"fusion-rollover-content\">\n\n\t\t\t\t\t\t\t\t\t\t\t\t\t\t<a class=\"fusion-rollover-link\" href=\"https:\/\/www.aitordelgado.com\/es\/el-guernica-de-picasso-exposicion-paris-1937\/\">El Guernica de Picasso: versiones y visiones de pintores y escultores vascos (parte 2)<\/a>\n\t\t\t\n\t\t\t\t\t\t\t\t\t\t\t\t\t\t\n\t\t\t\t\t\t\t\t\n\t\t\t\t\t\t\t\t\t\t\t\t\t<div class=\"fusion-rollover-sep\"><\/div>\n\t\t\t\t\n\t\t\t\t\t\t\t\t\t\t\t\t\t\t\t\t\t\t<a class=\"fusion-rollover-gallery\" href=\"https:\/\/www.aitordelgado.com\/wp-content\/uploads\/2026\/04\/Guernica-de-Picasso-con-Aitor-Delgado-Tours-en-Gernika-Luno.jpg\" data-options=\"\" data-id=\"19642\" data-rel=\"iLightbox[gallery]\" data-title=\"Guernica de Picasso con Aitor Delgado Tours en Gernika-Luno\" data-caption=\"\">\n\t\t\t\t\t\tGaler\u00eda\t\t\t\t\t<\/a>\n\t\t\t\t\t\t\t\t\t\t\t\t\t\t\n\t\t\n\t\t\t\t\t\t\t\t\t\t\t\t<h4 class=\"fusion-rollover-title\">\n\t\t\t\t\t<a class=\"fusion-rollover-title-link\" href=\"https:\/\/www.aitordelgado.com\/es\/el-guernica-de-picasso-exposicion-paris-1937\/\">\n\t\t\t\t\t\tEl Guernica de Picasso: versiones y visiones de pintores y escultores vascos (parte 2)\t\t\t\t\t<\/a>\n\t\t\t\t<\/h4>\n\t\t\t\n\t\t\t\t\t\t\t\t\t\t<div class=\"fusion-rollover-categories\"><a href=\"https:\/\/www.aitordelgado.com\/es\/category\/arte-vasco\/\" rel=\"tag\">Arte vasco<\/a><\/div>\t\t\t\t\t\n\t\t\n\t\t\t\t\t\t<a class=\"fusion-link-wrapper\" href=\"https:\/\/www.aitordelgado.com\/es\/el-guernica-de-picasso-exposicion-paris-1937\/\" aria-label=\"El Guernica de Picasso: versiones y visiones de pintores y escultores vascos (parte 2)\"><\/a>\n\t<\/div>\n<\/div>\n<\/div>\n<\/li>\n\t\t\t\n\t\t\t\n\t\t\t\t\t\t\t\t\t\t\t\t\t\t\t\t\t\t\t\t\t\t\t\t\t\t\t\t\t\t\t\t\t\t\t\t\t\t\t\t\t\t\t\t\t\t\t\t\t\t\t\t\t\t\t\t\t\t\t\t\t\t\t\t\t\t\t\t<\/ul>\n\t<\/div>\n\t<div class=\"fusion-post-content post-content\"><h2 class=\"blog-shortcode-post-title entry-title\"><a href=\"https:\/\/www.aitordelgado.com\/es\/el-guernica-de-picasso-exposicion-paris-1937\/\">El Guernica de Picasso: versiones y visiones de pintores y escultores vascos (parte 2)<\/a><\/h2><div class=\"fusion-post-content-container\"><p>Mi inter\u00e9s por el Guernica de Pablo Picasso y su relaci\u00f3n con diversos pintores y escultores vascos nace, naturalmente, de mi pasi\u00f3n por las artes. Pero tambi\u00e9n responde a una motivaci\u00f3n m\u00e1s profunda: comprender c\u00f3mo este episodio hist\u00f3rico y cultural ha marcado la memoria art\u00edstica del [...]<\/p><\/div><\/div><div class=\"fusion-clearfix\"><\/div><div class=\"fusion-meta-info\"><div class=\"fusion-alignleft\">By <span class=\"vcard\"><span class=\"fn\"><a href=\"https:\/\/www.aitordelgado.com\/es\/author\/carlos\/\" title=\"Entradas de Carlos Palenzuela\" rel=\"author\">Carlos Palenzuela<\/a><\/span><\/span><span class=\"fusion-inline-sep\">|<\/span><span>abril 20th, 2026<\/span><span class=\"fusion-inline-sep\">|<\/span>Categories: <a href=\"https:\/\/www.aitordelgado.com\/es\/category\/arte-vasco\/\" rel=\"category tag\">Arte vasco<\/a><span class=\"fusion-inline-sep\">|<\/span><span class=\"fusion-comments\"><a href=\"https:\/\/www.aitordelgado.com\/es\/el-guernica-de-picasso-exposicion-paris-1937\/#respond\">0 Comments<\/a><\/span><\/div><div class=\"fusion-alignright\"><a class=\"fusion-read-more\" href=\"https:\/\/www.aitordelgado.com\/es\/el-guernica-de-picasso-exposicion-paris-1937\/\" aria-label=\"More on El Guernica de Picasso: versiones y visiones de pintores y escultores vascos (parte 2)\">Read More<\/a><\/div><\/div><\/article>\n<article id=\"blog-1-post-19609\" class=\"fusion-post-large post-19609 post type-post status-publish format-standard has-post-thumbnail hentry category-agenda-vasca category-artes-vascas tag-cultura-vasca\">\n\t<style type=\"text\/css\">\n\t\t\n\t\t\n\t\t\n\t\t\n\t\t\t<\/style>\n\n\n\t\t\t<div class=\"fusion-flexslider flexslider fusion-flexslider-loading fusion-post-slideshow\" style=\"\">\n\t\t<ul class=\"slides\">\n\t\t\t\n\t\t\t\t\t\t\t\t\t\t\t\t\t\t<li><div  class=\"fusion-image-wrapper\" aria-haspopup=\"true\">\n\t\t\t\t<img decoding=\"async\" width=\"1515\" height=\"527\" src=\"https:\/\/www.aitordelgado.com\/wp-content\/uploads\/2026\/03\/Basque-Spring-2026-in-Florida-Park-Aitor-Delgado-Tours.jpg\" class=\"attachment-full size-full wp-post-image\" alt=\"Primavera vasca 2026 en Florida Park - Aitor Delgado Tours - Cultura vasca abril 2026\" srcset=\"https:\/\/www.aitordelgado.com\/wp-content\/uploads\/2026\/03\/Basque-Spring-2026-in-Florida-Park-Aitor-Delgado-Tours-200x70.jpg 200w, https:\/\/www.aitordelgado.com\/wp-content\/uploads\/2026\/03\/Basque-Spring-2026-in-Florida-Park-Aitor-Delgado-Tours-400x139.jpg 400w, https:\/\/www.aitordelgado.com\/wp-content\/uploads\/2026\/03\/Basque-Spring-2026-in-Florida-Park-Aitor-Delgado-Tours-600x209.jpg 600w, https:\/\/www.aitordelgado.com\/wp-content\/uploads\/2026\/03\/Basque-Spring-2026-in-Florida-Park-Aitor-Delgado-Tours-800x278.jpg 800w, https:\/\/www.aitordelgado.com\/wp-content\/uploads\/2026\/03\/Basque-Spring-2026-in-Florida-Park-Aitor-Delgado-Tours-1200x417.jpg 1200w, https:\/\/www.aitordelgado.com\/wp-content\/uploads\/2026\/03\/Basque-Spring-2026-in-Florida-Park-Aitor-Delgado-Tours.jpg 1515w\" sizes=\"(max-width: 640px) 100vw, 1200px\" \/><div class=\"fusion-rollover\">\n\t<div class=\"fusion-rollover-content\">\n\n\t\t\t\t\t\t\t\t\t\t\t\t\t\t<a class=\"fusion-rollover-link\" href=\"https:\/\/www.aitordelgado.com\/es\/destacados-de-la-cultura-vasca-en-abril-de-2026\/\">Selecci\u00f3n de los momentos m\u00e1s destacados de la cultura vasca en abril de 2026.<\/a>\n\t\t\t\n\t\t\t\t\t\t\t\t\t\t\t\t\t\t\n\t\t\t\t\t\t\t\t\n\t\t\t\t\t\t\t\t\t\t\t\t\t<div class=\"fusion-rollover-sep\"><\/div>\n\t\t\t\t\n\t\t\t\t\t\t\t\t\t\t\t\t\t\t\t\t\t\t<a class=\"fusion-rollover-gallery\" href=\"https:\/\/www.aitordelgado.com\/wp-content\/uploads\/2026\/03\/Basque-Spring-2026-in-Florida-Park-Aitor-Delgado-Tours.jpg\" data-options=\"\" data-id=\"19609\" data-rel=\"iLightbox[gallery]\" data-title=\"Basque Spring 2026 in Florida Park - Aitor Delgado Tours\" data-caption=\"\">\n\t\t\t\t\t\tGaler\u00eda\t\t\t\t\t<\/a>\n\t\t\t\t\t\t\t\t\t\t\t\t\t\t\n\t\t\n\t\t\t\t\t\t\t\t\t\t\t\t<h4 class=\"fusion-rollover-title\">\n\t\t\t\t\t<a class=\"fusion-rollover-title-link\" href=\"https:\/\/www.aitordelgado.com\/es\/destacados-de-la-cultura-vasca-en-abril-de-2026\/\">\n\t\t\t\t\t\tSelecci\u00f3n de los momentos m\u00e1s destacados de la cultura vasca en abril de 2026.\t\t\t\t\t<\/a>\n\t\t\t\t<\/h4>\n\t\t\t\n\t\t\t\t\t\t\t\t\t\t<div class=\"fusion-rollover-categories\"><a href=\"https:\/\/www.aitordelgado.com\/es\/category\/agenda-vasca\/\" rel=\"tag\">Agenda Vasca<\/a>, <a href=\"https:\/\/www.aitordelgado.com\/es\/category\/artes-vascas\/\" rel=\"tag\">Artes vascas<\/a><\/div>\t\t\t\t\t\n\t\t\n\t\t\t\t\t\t<a class=\"fusion-link-wrapper\" href=\"https:\/\/www.aitordelgado.com\/es\/destacados-de-la-cultura-vasca-en-abril-de-2026\/\" aria-label=\"Selecci\u00f3n de los momentos m\u00e1s destacados de la cultura vasca en abril de 2026.\"><\/a>\n\t<\/div>\n<\/div>\n<\/div>\n<\/li>\n\t\t\t\n\t\t\t\n\t\t\t\t\t\t\t\t\t\t\t\t\t\t\t\t\t\t\t\t\t\t\t\t\t\t\t\t\t\t\t\t\t\t\t\t\t\t\t\t\t\t\t\t\t\t\t\t\t\t\t\t\t\t\t\t\t\t\t\t\t\t\t\t\t\t\t\t<\/ul>\n\t<\/div>\n\t<div class=\"fusion-post-content post-content\"><h2 class=\"blog-shortcode-post-title entry-title\"><a href=\"https:\/\/www.aitordelgado.com\/es\/destacados-de-la-cultura-vasca-en-abril-de-2026\/\">Selecci\u00f3n de los momentos m\u00e1s destacados de la cultura vasca en abril de 2026.<\/a><\/h2><div class=\"fusion-post-content-container\"><p>La primavera ya no se insin\u00faa en abril: se despliega con plenitud, iluminando el paisaje vasco con una serenidad renovada, del mismo modo que lo hace la cultura vasca en abril de 2026. Los prados recuperan su verde intenso, el mar gana en claridad y el [...]<\/p><\/div><\/div><div class=\"fusion-clearfix\"><\/div><div class=\"fusion-meta-info\"><div class=\"fusion-alignleft\">By <span class=\"vcard\"><span class=\"fn\"><a href=\"https:\/\/www.aitordelgado.com\/es\/author\/carlos\/\" title=\"Entradas de Carlos Palenzuela\" rel=\"author\">Carlos Palenzuela<\/a><\/span><\/span><span class=\"fusion-inline-sep\">|<\/span><span>abril 2nd, 2026<\/span><span class=\"fusion-inline-sep\">|<\/span>Categories: <a href=\"https:\/\/www.aitordelgado.com\/es\/category\/agenda-vasca\/\" rel=\"category tag\">Agenda Vasca<\/a>, <a href=\"https:\/\/www.aitordelgado.com\/es\/category\/artes-vascas\/\" rel=\"category tag\">Artes vascas<\/a><span class=\"fusion-inline-sep\">|<\/span><span class=\"meta-tags\">Tags: <a href=\"https:\/\/www.aitordelgado.com\/es\/e\/cultura-vasca\/\" rel=\"tag\">Cultura vasca<\/a><\/span><span class=\"fusion-inline-sep\">|<\/span><span class=\"fusion-comments\"><a href=\"https:\/\/www.aitordelgado.com\/es\/destacados-de-la-cultura-vasca-en-abril-de-2026\/#respond\">0 Comments<\/a><\/span><\/div><div class=\"fusion-alignright\"><a class=\"fusion-read-more\" href=\"https:\/\/www.aitordelgado.com\/es\/destacados-de-la-cultura-vasca-en-abril-de-2026\/\" aria-label=\"More on Selecci\u00f3n de los momentos m\u00e1s destacados de la cultura vasca en abril de 2026.\">Read More<\/a><\/div><\/div><\/article>\n<article id=\"blog-1-post-19456\" class=\"fusion-post-large post-19456 post type-post status-publish format-standard has-post-thumbnail hentry category-agenda-vasca tag-cultura-vasca\">\n\t<style type=\"text\/css\">\n\t\t\n\t\t\n\t\t\n\t\t\n\t\t\t<\/style>\n\n\n\t\t\t<div class=\"fusion-flexslider flexslider fusion-flexslider-loading fusion-post-slideshow\" style=\"\">\n\t\t<ul class=\"slides\">\n\t\t\t\n\t\t\t\t\t\t\t\t\t\t\t\t\t\t<li><div  class=\"fusion-image-wrapper\" aria-haspopup=\"true\">\n\t\t\t\t<img decoding=\"async\" width=\"1515\" height=\"525\" src=\"https:\/\/www.aitordelgado.com\/wp-content\/uploads\/2026\/02\/Tolosa-International-Puppet-Centre-Aitor-Delgado-Tours-Basque-culture.jpg\" class=\"attachment-full size-full wp-post-image\" alt=\"Centro Internacional de Marionetas de Tolosa - Aitor Delgado Tours - Cultura vasca\" srcset=\"https:\/\/www.aitordelgado.com\/wp-content\/uploads\/2026\/02\/Tolosa-International-Puppet-Centre-Aitor-Delgado-Tours-Basque-culture-200x69.jpg 200w, https:\/\/www.aitordelgado.com\/wp-content\/uploads\/2026\/02\/Tolosa-International-Puppet-Centre-Aitor-Delgado-Tours-Basque-culture-400x139.jpg 400w, https:\/\/www.aitordelgado.com\/wp-content\/uploads\/2026\/02\/Tolosa-International-Puppet-Centre-Aitor-Delgado-Tours-Basque-culture-600x208.jpg 600w, https:\/\/www.aitordelgado.com\/wp-content\/uploads\/2026\/02\/Tolosa-International-Puppet-Centre-Aitor-Delgado-Tours-Basque-culture-800x277.jpg 800w, https:\/\/www.aitordelgado.com\/wp-content\/uploads\/2026\/02\/Tolosa-International-Puppet-Centre-Aitor-Delgado-Tours-Basque-culture-1200x416.jpg 1200w, https:\/\/www.aitordelgado.com\/wp-content\/uploads\/2026\/02\/Tolosa-International-Puppet-Centre-Aitor-Delgado-Tours-Basque-culture.jpg 1515w\" sizes=\"(max-width: 640px) 100vw, 1200px\" \/><div class=\"fusion-rollover\">\n\t<div class=\"fusion-rollover-content\">\n\n\t\t\t\t\t\t\t\t\t\t\t\t\t\t<a class=\"fusion-rollover-link\" href=\"https:\/\/www.aitordelgado.com\/es\/lo-mas-destacado-de-la-cultura-vasca-que-no-te-puedes-perder-en-marzo-de-2026\/\">Lo m\u00e1s destacado de la cultura vasca que no te puedes perder en marzo de 2026<\/a>\n\t\t\t\n\t\t\t\t\t\t\t\t\t\t\t\t\t\t\n\t\t\t\t\t\t\t\t\n\t\t\t\t\t\t\t\t\t\t\t\t\t<div class=\"fusion-rollover-sep\"><\/div>\n\t\t\t\t\n\t\t\t\t\t\t\t\t\t\t\t\t\t\t\t\t\t\t<a class=\"fusion-rollover-gallery\" href=\"https:\/\/www.aitordelgado.com\/wp-content\/uploads\/2026\/02\/Tolosa-International-Puppet-Centre-Aitor-Delgado-Tours-Basque-culture.jpg\" data-options=\"\" data-id=\"19456\" data-rel=\"iLightbox[gallery]\" data-title=\"Tolosa International Puppet Centre Aitor Delgado Tours Basque culture\" data-caption=\"\">\n\t\t\t\t\t\tGaler\u00eda\t\t\t\t\t<\/a>\n\t\t\t\t\t\t\t\t\t\t\t\t\t\t\n\t\t\n\t\t\t\t\t\t\t\t\t\t\t\t<h4 class=\"fusion-rollover-title\">\n\t\t\t\t\t<a class=\"fusion-rollover-title-link\" href=\"https:\/\/www.aitordelgado.com\/es\/lo-mas-destacado-de-la-cultura-vasca-que-no-te-puedes-perder-en-marzo-de-2026\/\">\n\t\t\t\t\t\tLo m\u00e1s destacado de la cultura vasca que no te puedes perder en marzo de 2026\t\t\t\t\t<\/a>\n\t\t\t\t<\/h4>\n\t\t\t\n\t\t\t\t\t\t\t\t\t\t<div class=\"fusion-rollover-categories\"><a href=\"https:\/\/www.aitordelgado.com\/es\/category\/agenda-vasca\/\" rel=\"tag\">Agenda Vasca<\/a><\/div>\t\t\t\t\t\n\t\t\n\t\t\t\t\t\t<a class=\"fusion-link-wrapper\" href=\"https:\/\/www.aitordelgado.com\/es\/lo-mas-destacado-de-la-cultura-vasca-que-no-te-puedes-perder-en-marzo-de-2026\/\" aria-label=\"Lo m\u00e1s destacado de la cultura vasca que no te puedes perder en marzo de 2026\"><\/a>\n\t<\/div>\n<\/div>\n<\/div>\n<\/li>\n\t\t\t\n\t\t\t\n\t\t\t\t\t\t\t\t\t\t\t\t\t\t\t\t\t\t\t\t\t\t\t\t\t\t\t\t\t\t\t\t\t\t\t\t\t\t\t\t\t\t\t\t\t\t\t\t\t\t\t\t\t\t\t\t\t\t\t\t\t\t\t\t\t\t\t\t<\/ul>\n\t<\/div>\n\t<div class=\"fusion-post-content post-content\"><h2 class=\"blog-shortcode-post-title entry-title\"><a href=\"https:\/\/www.aitordelgado.com\/es\/lo-mas-destacado-de-la-cultura-vasca-que-no-te-puedes-perder-en-marzo-de-2026\/\">Lo m\u00e1s destacado de la cultura vasca que no te puedes perder en marzo de 2026<\/a><\/h2><div class=\"fusion-post-content-container\"><p>La primavera comienza a insinuarse en marzo de 2026, desplegando un delicado abanico de expresiones en la cultura vasca. No es casual que este mes rinda homenaje, en todo el mundo, a quienes dan forma a la sensibilidad humana: escritores, escultores, creadores esc\u00e9nicos, el arte del [...]<\/p><\/div><\/div><div class=\"fusion-clearfix\"><\/div><div class=\"fusion-meta-info\"><div class=\"fusion-alignleft\">By <span class=\"vcard\"><span class=\"fn\"><a href=\"https:\/\/www.aitordelgado.com\/es\/author\/carlos\/\" title=\"Entradas de Carlos Palenzuela\" rel=\"author\">Carlos Palenzuela<\/a><\/span><\/span><span class=\"fusion-inline-sep\">|<\/span><span>febrero 24th, 2026<\/span><span class=\"fusion-inline-sep\">|<\/span>Categories: <a href=\"https:\/\/www.aitordelgado.com\/es\/category\/agenda-vasca\/\" rel=\"category tag\">Agenda Vasca<\/a><span class=\"fusion-inline-sep\">|<\/span><span class=\"meta-tags\">Tags: <a href=\"https:\/\/www.aitordelgado.com\/es\/e\/cultura-vasca\/\" rel=\"tag\">Cultura vasca<\/a><\/span><span class=\"fusion-inline-sep\">|<\/span><span class=\"fusion-comments\"><a href=\"https:\/\/www.aitordelgado.com\/es\/lo-mas-destacado-de-la-cultura-vasca-que-no-te-puedes-perder-en-marzo-de-2026\/#respond\">0 Comments<\/a><\/span><\/div><div class=\"fusion-alignright\"><a class=\"fusion-read-more\" href=\"https:\/\/www.aitordelgado.com\/es\/lo-mas-destacado-de-la-cultura-vasca-que-no-te-puedes-perder-en-marzo-de-2026\/\" aria-label=\"More on Lo m\u00e1s destacado de la cultura vasca que no te puedes perder en marzo de 2026\">Read More<\/a><\/div><\/div><\/article>\n<article id=\"blog-1-post-19405\" class=\"fusion-post-large post-19405 post type-post status-publish format-standard has-post-thumbnail hentry category-agenda-vasca tag-cultura-vasca\">\n\t<style type=\"text\/css\">\n\t\t\n\t\t\n\t\t\n\t\t\n\t\t\t<\/style>\n\n\n\t\t\t<div class=\"fusion-flexslider flexslider fusion-flexslider-loading fusion-post-slideshow\" style=\"\">\n\t\t<ul class=\"slides\">\n\t\t\t\n\t\t\t\t\t\t\t\t\t\t\t\t\t\t<li><div  class=\"fusion-image-wrapper\" aria-haspopup=\"true\">\n\t\t\t\t<img decoding=\"async\" width=\"1515\" height=\"525\" src=\"https:\/\/www.aitordelgado.com\/wp-content\/uploads\/2026\/01\/Umbra-light-Vitoria-Gasteiz-Aitor-Delgado-Basque-culture-Tours-february-2026.jpg\" class=\"attachment-full size-full wp-post-image\" alt=\"Umbra-light-Vitoria-Gasteiz-Aitor-Delgado-cultura-vasca-Tours-febrero-2026\" srcset=\"https:\/\/www.aitordelgado.com\/wp-content\/uploads\/2026\/01\/Umbra-light-Vitoria-Gasteiz-Aitor-Delgado-Basque-culture-Tours-february-2026-200x69.jpg 200w, https:\/\/www.aitordelgado.com\/wp-content\/uploads\/2026\/01\/Umbra-light-Vitoria-Gasteiz-Aitor-Delgado-Basque-culture-Tours-february-2026-400x139.jpg 400w, https:\/\/www.aitordelgado.com\/wp-content\/uploads\/2026\/01\/Umbra-light-Vitoria-Gasteiz-Aitor-Delgado-Basque-culture-Tours-february-2026-600x208.jpg 600w, https:\/\/www.aitordelgado.com\/wp-content\/uploads\/2026\/01\/Umbra-light-Vitoria-Gasteiz-Aitor-Delgado-Basque-culture-Tours-february-2026-800x277.jpg 800w, https:\/\/www.aitordelgado.com\/wp-content\/uploads\/2026\/01\/Umbra-light-Vitoria-Gasteiz-Aitor-Delgado-Basque-culture-Tours-february-2026-1200x416.jpg 1200w, https:\/\/www.aitordelgado.com\/wp-content\/uploads\/2026\/01\/Umbra-light-Vitoria-Gasteiz-Aitor-Delgado-Basque-culture-Tours-february-2026.jpg 1515w\" sizes=\"(max-width: 640px) 100vw, 1200px\" \/><div class=\"fusion-rollover\">\n\t<div class=\"fusion-rollover-content\">\n\n\t\t\t\t\t\t\t\t\t\t\t\t\t\t<a class=\"fusion-rollover-link\" href=\"https:\/\/www.aitordelgado.com\/es\/imprescindibles-de-la-cultura-vasca-para-un-febrero-de-2026-refinado\/\">Lo esencial de la cultura vasca para un febrero de 2026 refinado<\/a>\n\t\t\t\n\t\t\t\t\t\t\t\t\t\t\t\t\t\t\n\t\t\t\t\t\t\t\t\n\t\t\t\t\t\t\t\t\t\t\t\t\t<div class=\"fusion-rollover-sep\"><\/div>\n\t\t\t\t\n\t\t\t\t\t\t\t\t\t\t\t\t\t\t\t\t\t\t<a class=\"fusion-rollover-gallery\" href=\"https:\/\/www.aitordelgado.com\/wp-content\/uploads\/2026\/01\/Umbra-light-Vitoria-Gasteiz-Aitor-Delgado-Basque-culture-Tours-february-2026.jpg\" data-options=\"\" data-id=\"19405\" data-rel=\"iLightbox[gallery]\" data-title=\"Umbra light Vitoria-Gasteiz - Aitor Delgado Basque culture Tours february 2026\" data-caption=\"\">\n\t\t\t\t\t\tGaler\u00eda\t\t\t\t\t<\/a>\n\t\t\t\t\t\t\t\t\t\t\t\t\t\t\n\t\t\n\t\t\t\t\t\t\t\t\t\t\t\t<h4 class=\"fusion-rollover-title\">\n\t\t\t\t\t<a class=\"fusion-rollover-title-link\" href=\"https:\/\/www.aitordelgado.com\/es\/imprescindibles-de-la-cultura-vasca-para-un-febrero-de-2026-refinado\/\">\n\t\t\t\t\t\tLo esencial de la cultura vasca para un febrero de 2026 refinado\t\t\t\t\t<\/a>\n\t\t\t\t<\/h4>\n\t\t\t\n\t\t\t\t\t\t\t\t\t\t<div class=\"fusion-rollover-categories\"><a href=\"https:\/\/www.aitordelgado.com\/es\/category\/agenda-vasca\/\" rel=\"tag\">Agenda Vasca<\/a><\/div>\t\t\t\t\t\n\t\t\n\t\t\t\t\t\t<a class=\"fusion-link-wrapper\" href=\"https:\/\/www.aitordelgado.com\/es\/imprescindibles-de-la-cultura-vasca-para-un-febrero-de-2026-refinado\/\" aria-label=\"Lo esencial de la cultura vasca para un febrero de 2026 refinado\"><\/a>\n\t<\/div>\n<\/div>\n<\/div>\n<\/li>\n\t\t\t\n\t\t\t\n\t\t\t\t\t\t\t\t\t\t\t\t\t\t\t\t\t\t\t\t\t\t\t\t\t\t\t\t\t\t\t\t\t\t\t\t\t\t\t\t\t\t\t\t\t\t\t\t\t\t\t\t\t\t\t\t\t\t\t\t\t\t\t\t\t\t\t\t<\/ul>\n\t<\/div>\n\t<div class=\"fusion-post-content post-content\"><h2 class=\"blog-shortcode-post-title entry-title\"><a href=\"https:\/\/www.aitordelgado.com\/es\/imprescindibles-de-la-cultura-vasca-para-un-febrero-de-2026-refinado\/\">Lo esencial de la cultura vasca para un febrero de 2026 refinado<\/a><\/h2><div class=\"fusion-post-content-container\"><p>Febrero es el mes en el que el amor se expresa con mayor intenci\u00f3n. Ese mismo esp\u00edritu impregna la cultura vasca en febrero de 2026 y la cuidada selecci\u00f3n de experiencias que comparto contigo. M\u00e1s all\u00e1 del mito de San Valent\u00edn, cualquier d\u00eda de este mes [...]<\/p><\/div><\/div><div class=\"fusion-clearfix\"><\/div><div class=\"fusion-meta-info\"><div class=\"fusion-alignleft\">By <span class=\"vcard\"><span class=\"fn\"><a href=\"https:\/\/www.aitordelgado.com\/es\/author\/carlos\/\" title=\"Entradas de Carlos Palenzuela\" rel=\"author\">Carlos Palenzuela<\/a><\/span><\/span><span class=\"fusion-inline-sep\">|<\/span><span>febrero 2nd, 2026<\/span><span class=\"fusion-inline-sep\">|<\/span>Categories: <a href=\"https:\/\/www.aitordelgado.com\/es\/category\/agenda-vasca\/\" rel=\"category tag\">Agenda Vasca<\/a><span class=\"fusion-inline-sep\">|<\/span><span class=\"meta-tags\">Tags: <a href=\"https:\/\/www.aitordelgado.com\/es\/e\/cultura-vasca\/\" rel=\"tag\">Cultura vasca<\/a><\/span><span class=\"fusion-inline-sep\">|<\/span><span class=\"fusion-comments\"><a href=\"https:\/\/www.aitordelgado.com\/es\/imprescindibles-de-la-cultura-vasca-para-un-febrero-de-2026-refinado\/#respond\">0 Comments<\/a><\/span><\/div><div class=\"fusion-alignright\"><a class=\"fusion-read-more\" href=\"https:\/\/www.aitordelgado.com\/es\/imprescindibles-de-la-cultura-vasca-para-un-febrero-de-2026-refinado\/\" aria-label=\"More on Lo esencial de la cultura vasca para un febrero de 2026 refinado\">Read More<\/a><\/div><\/div><\/article>\n<article id=\"blog-1-post-19245\" class=\"fusion-post-large post-19245 post type-post status-publish format-standard hentry category-sin-categorizar\">\n\t<style type=\"text\/css\">\n\t\t\n\t\t\n\t\t\n\t\t\n\t\t\t<\/style>\n\n\n<div class=\"fusion-post-content post-content\"><h2 class=\"blog-shortcode-post-title entry-title\"><a href=\"https:\/\/www.aitordelgado.com\/es\/feliz-2026-de-parte-de-aitor-delgado-tours\/\">FELIZ 2026 de parte de Aitor Delgado Tours<\/a><\/h2><div class=\"fusion-post-content-container\"><p>Gracias a todos mis visitantes por elegirme este 2025 y durante los \u00faltimos 14 a\u00f1os. El pr\u00f3ximo a\u00f1o, 2026, se cumplir\u00e1 el 15.\u00ba aniversario del momento en que termin\u00e9 mi trabajo anterior y comenc\u00e9 a dedicarme profesionalmente y a tiempo completo a hacer que la estancia [...]<\/p><\/div><\/div><div class=\"fusion-clearfix\"><\/div><div class=\"fusion-meta-info\"><div class=\"fusion-alignleft\">By <span class=\"vcard\"><span class=\"fn\"><a href=\"https:\/\/www.aitordelgado.com\/es\/author\/carlos\/\" title=\"Entradas de Carlos Palenzuela\" rel=\"author\">Carlos Palenzuela<\/a><\/span><\/span><span class=\"fusion-inline-sep\">|<\/span><span>diciembre 31st, 2025<\/span><span class=\"fusion-inline-sep\">|<\/span>Categories: <a href=\"https:\/\/www.aitordelgado.com\/es\/category\/sin-categorizar\/\" rel=\"category tag\">Sin categorizar<\/a><span class=\"fusion-inline-sep\">|<\/span><span class=\"fusion-comments\"><span>Comentarios desactivados<span class=\"screen-reader-text\"> en FELIZ 2026 de parte de Aitor Delgado Tours<\/span><\/span><\/span><\/div><div class=\"fusion-alignright\"><a class=\"fusion-read-more\" href=\"https:\/\/www.aitordelgado.com\/es\/feliz-2026-de-parte-de-aitor-delgado-tours\/\" aria-label=\"More on FELIZ 2026 de parte de Aitor Delgado Tours\">Read More<\/a><\/div><\/div><\/article>\n<\/div><div class=\"pagination clearfix\"><span class=\"current\">1<\/span><a href=\"https:\/\/www.aitordelgado.com\/es\/wp-json\/wp\/v2\/pages\/12312\/page\/2\/\" class=\"inactive\">2<\/a><a class=\"pagination-next\" rel=\"next\" href=\"https:\/\/www.aitordelgado.com\/es\/wp-json\/wp\/v2\/pages\/12312\/page\/2\/\"><span class=\"page-text\">Siguiente<\/span><span class=\"page-next\"><\/span><\/a><\/div><div class=\"fusion-clearfix\"><\/div><\/div><\/div><\/div><\/div><\/div><div class=\"fusion-fullwidth fullwidth-box fusion-builder-row-3 fusion-flex-container hundred-percent-fullwidth non-hundred-percent-height-scrolling\" style=\"--awb-border-radius-top-left:0px;--awb-border-radius-top-right:0px;--awb-border-radius-bottom-right:0px;--awb-border-radius-bottom-left:0px;--awb-padding-top:0px;--awb-padding-right:0px;--awb-padding-bottom:0px;--awb-padding-left:0px;--awb-margin-bottom:0px;--awb-flex-wrap:wrap;\" ><div class=\"fusion-builder-row fusion-row fusion-flex-align-items-flex-start fusion-flex-content-wrap\" style=\"width:104% !important;max-width:104% !important;margin-left: calc(-4% \/ 2 );margin-right: calc(-4% \/ 2 );\"><div class=\"fusion-layout-column fusion_builder_column fusion-builder-column-2 fusion_builder_column_1_1 1_1 fusion-flex-column\" style=\"--awb-bg-size:cover;--awb-width-large:100%;--awb-margin-top-large:0px;--awb-spacing-right-large:1.92%;--awb-margin-bottom-large:0px;--awb-spacing-left-large:1.92%;--awb-width-medium:100%;--awb-spacing-right-medium:1.92%;--awb-spacing-left-medium:1.92%;--awb-width-small:100%;--awb-spacing-right-small:1.92%;--awb-spacing-left-small:1.92%;\"><div class=\"fusion-column-wrapper fusion-column-has-shadow fusion-flex-justify-content-flex-start fusion-content-layout-column\"><div class=\"fusion-text fusion-text-2\">\n<div style=\"padding: 30px 0;background-color: #353535\">\n\t<img decoding=\"async\" class=\"alignnone size-full wp-image-19358 aligncenter\" src=\"https:\/\/www.aitordelgado.com\/wp-content\/uploads\/2026\/01\/Logo-AD15-Negativo.png\" alt=\"Logo Aitor Delgado Tours Special 15\" width=\"388\" height=\"160\" srcset=\"https:\/\/www.aitordelgado.com\/wp-content\/uploads\/2026\/01\/Logo-AD15-Negativo-200x82.png 200w, https:\/\/www.aitordelgado.com\/wp-content\/uploads\/2026\/01\/Logo-AD15-Negativo-300x124.png 300w, https:\/\/www.aitordelgado.com\/wp-content\/uploads\/2026\/01\/Logo-AD15-Negativo.png 388w\" sizes=\"(max-width: 388px) 100vw, 388px\">\n\t<\/div>\n        <style type=\"text\/css\">\n\t\t\t.bottom-menu-item a{ text-transform: uppercase; }\n            .policies-box a:hover{ text-decoration: underline; }\n        <\/style>\n    \t<div style=\"background-color:#292929;padding-top:70px; padding-bottom:5px;text-align:center;\">\n\t\t\t    \t\t\n    \t\t<div class=\"bottom-menu-item\">\n    \t\t\t<!--<a href=\"\/sobre-mi\/\">SOBRE MI<\/a>-->\n                <a href=\"https:\/\/www.aitordelgado.com\/es\/quien-es-aitor\/\">SOBRE MI<\/a>\n    \t\t<\/div>\n    \t\t<div class=\"bottom-menu-item\">\n    \t\t\t<!--<a href=\"\/disena-tour\/\">DISE\u00d1A TU TOUR<\/a>-->\n                <a href=\"https:\/\/www.aitordelgado.com\/es\/disena-tu-tour-personalizado\/\">DISE\u00d1A TU TOUR<\/a>\n    \t\t<\/div>\n    \t\t<div class=\"bottom-menu-item\">\n\t\t\t\t<!--<a href=\"\/tours\/\">TOURS PERSONALIZADOS<\/a>-->\n                <a href=\"https:\/\/www.aitordelgado.com\/es\/tour-privado-vasco\/\">TOURS PERSONALIZADOS<\/a>\n    \t\t<\/div>\n\t\t\t<div class=\"bottom-menu-item\">\n\t\t\t\t<!--<a href=\"\/prensa\/\">APARICI\u00d3N EN MEDIOS<\/a>-->\n                <a href=\"https:\/\/www.aitordelgado.com\/es\/medios-de-comunicacion\/\">APARICI\u00d3N EN MEDIOS<\/a>\n    \t\t<\/div>\n    \t\t<div class=\"bottom-menu-item\">\n    \t\t\t<!--<a href=\"\/premios\/\">PREMIOS<\/a>-->\n                <a href=\"https:\/\/www.aitordelgado.com\/es\/premios-y-certificados\/\">PREMIOS<\/a>\n    \t\t<\/div>    \t\t\n    \t\t<div class=\"bottom-menu-item\">\n    \t\t\t<!--<a href=\"\/reserva-de-tour\/\">CONTACTO<\/a>-->\n                <a href=\"https:\/\/www.aitordelgado.com\/es\/contacto-aitor-delgado-tours\/\">CONTACTO<\/a>\n    \t\t<\/div>\n\n    \t\t<div class=\"social-networks-bottom\">\n    \t\t\t<a href=\"https:\/\/www.facebook.com\/aitordelgadotours\" target=\"_blank\"><i class=\"fa fa-facebook\" aria-hidden=\"true\"><\/i><\/a>\n    \t\t\t<a href=\"https:\/\/www.instagram.com\/aitordelgadotours\/\" target=\"_blank\"><i class=\"fa fa-instagram\" aria-hidden=\"true\"><\/i><\/a>\n    \t\t\t<a href=\"https:\/\/twitter.com\/aitordelgadocom\" target=\"_blank\"><i class=\"fa fa-twitter\" aria-hidden=\"true\"><\/i><\/a>\n    \t\t\t<a href=\"https:\/\/www.linkedin.com\/in\/bilbaoprivatetourguide\/\" target=\"_blank\"><i class=\"fa fa-linkedin\" aria-hidden=\"true\"><\/i><\/a>\n    \t\t<\/div>\n            <div style=\"margin-top: 20px; color: #a7a7a7;\">\n                <i class=\"fa fa-phone\" aria-hidden=\"true\"><\/i> US Phone #: +1 (917) 267 7569<br\/>\n                <i class=\"fa fa-phone\" aria-hidden=\"true\"><\/i> Spanish Phone #: +34 687 476 134\n            <\/div>\n            <div style=\"text-align:center;margin-top:50px;\" class=\"policies-box\">\n                <p style=\"font-size: 13px !important;\">Patrocinado por:<\/p>\n\t\t\t\t<p><img decoding=\"async\" src=\"https:\/\/www.aitordelgado.com\/wp-content\/uploads\/2019\/11\/footer-logo.png\" style=\"display: block; margin-left: auto; margin-right: auto; width: 300px; margin-bottom: 20px;\" \/><\/p>                \n\n\t\t\t\t<img decoding=\"async\" src=\"https:\/\/www.aitordelgado.com\/wp-content\/uploads\/2023\/07\/ristra-kit-digital.png\" style=\"display: block;margin-left:auto;margin-right:auto;margin-bottom: 20px;height:42px;\" alt=\" \" title=\" \" \/>\n\n                <a href=\"https:\/\/www.aitordelgado.com\/es\/politica-privacidad-y-cookies\/\" style=\"color: #a7a7a7; font-size: 13px !important;\">Pol\u00edticas de Cookies y Privacidad<\/a> - <a href=\"https:\/\/www.aitordelgado.com\/es\/terminos-y-condiciones\/\" style=\"color: #a7a7a7; font-size: 13px !important;\">T\u00e9rminos y Condiciones<\/a>\n\t\t\t<\/div>\n    \t<\/div>\n    \n<\/div><\/div><\/div><\/div><\/div><\/p>\n","protected":false},"excerpt":{"rendered":"","protected":false},"author":1,"featured_media":0,"parent":0,"menu_order":0,"comment_status":"open","ping_status":"closed","template":"100-width.php","meta":{"footnotes":""},"class_list":["post-12312","page","type-page","status-publish","hentry"],"yoast_head":"<!-- This site is optimized with the Yoast SEO plugin v27.5 - https:\/\/yoast.com\/product\/yoast-seo-wordpress\/ -->\n<title>Bit\u00e1cora - Aitor Delgado Tours - Noticias, cultura, agenda<\/title>\n<meta name=\"description\" content=\"La bit\u00e1cora de Aitor Delgado: historia, cultura, ocio, entretenimiento, gastronom\u00eda, tradici\u00f3n, cuentos, cuevas, patrimonio... del Pa\u00eds Vasco\" \/>\n<meta name=\"robots\" content=\"index, follow, max-snippet:-1, max-image-preview:large, max-video-preview:-1\" \/>\n<link rel=\"canonical\" href=\"https:\/\/www.aitordelgado.com\/es\/bitacora\/\" \/>\n<meta property=\"og:locale\" content=\"es_ES\" \/>\n<meta property=\"og:type\" content=\"article\" \/>\n<meta property=\"og:title\" content=\"Bit\u00e1cora - Aitor Delgado Tours - Noticias, cultura, agenda\" \/>\n<meta property=\"og:description\" content=\"La bit\u00e1cora de Aitor Delgado: historia, cultura, ocio, entretenimiento, gastronom\u00eda, tradici\u00f3n, cuentos, cuevas, patrimonio... del Pa\u00eds Vasco\" \/>\n<meta property=\"og:url\" content=\"https:\/\/www.aitordelgado.com\/es\/bitacora\/\" \/>\n<meta property=\"og:site_name\" content=\"Aitor Delgado Tours\" \/>\n<meta property=\"article:publisher\" content=\"https:\/\/www.facebook.com\/aitordelgadotours\" \/>\n<meta property=\"article:modified_time\" content=\"2022-11-29T18:11:18+00:00\" \/>\n<meta property=\"og:image\" content=\"https:\/\/www.aitordelgado.com\/wp-content\/uploads\/2019\/07\/logo.png\" \/>\n\t<meta property=\"og:image:width\" content=\"570\" \/>\n\t<meta property=\"og:image:height\" content=\"86\" \/>\n\t<meta property=\"og:image:type\" content=\"image\/png\" \/>\n<meta name=\"twitter:card\" content=\"summary_large_image\" \/>\n<meta name=\"twitter:site\" content=\"@aitordelgadocom\" \/>\n<script type=\"application\/ld+json\" class=\"yoast-schema-graph\">{\"@context\":\"https:\\\/\\\/schema.org\",\"@graph\":[{\"@type\":\"WebPage\",\"@id\":\"https:\\\/\\\/www.aitordelgado.com\\\/es\\\/bitacora\\\/\",\"url\":\"https:\\\/\\\/www.aitordelgado.com\\\/es\\\/bitacora\\\/\",\"name\":\"Bit\u00e1cora - Aitor Delgado Tours - Noticias, cultura, agenda\",\"isPartOf\":{\"@id\":\"https:\\\/\\\/www.aitordelgado.com\\\/#website\"},\"datePublished\":\"2012-11-16T14:47:45+00:00\",\"dateModified\":\"2022-11-29T18:11:18+00:00\",\"description\":\"La bit\u00e1cora de Aitor Delgado: historia, cultura, ocio, entretenimiento, gastronom\u00eda, tradici\u00f3n, cuentos, cuevas, patrimonio... del Pa\u00eds Vasco\",\"breadcrumb\":{\"@id\":\"https:\\\/\\\/www.aitordelgado.com\\\/es\\\/bitacora\\\/#breadcrumb\"},\"inLanguage\":\"es\",\"potentialAction\":[{\"@type\":\"ReadAction\",\"target\":[\"https:\\\/\\\/www.aitordelgado.com\\\/es\\\/bitacora\\\/\"]}]},{\"@type\":\"BreadcrumbList\",\"@id\":\"https:\\\/\\\/www.aitordelgado.com\\\/es\\\/bitacora\\\/#breadcrumb\",\"itemListElement\":[{\"@type\":\"ListItem\",\"position\":1,\"name\":\"Home\",\"item\":\"https:\\\/\\\/www.aitordelgado.com\\\/es\\\/\"},{\"@type\":\"ListItem\",\"position\":2,\"name\":\"Bit\u00e1cora\"}]},{\"@type\":\"WebSite\",\"@id\":\"https:\\\/\\\/www.aitordelgado.com\\\/#website\",\"url\":\"https:\\\/\\\/www.aitordelgado.com\\\/\",\"name\":\"Aitor Delgado Tours\",\"description\":\"Let me be your host in the Basque Country and show you the must seen but also the hidden gems of this region both in Spain and France with my exclusive tours\",\"publisher\":{\"@id\":\"https:\\\/\\\/www.aitordelgado.com\\\/#organization\"},\"potentialAction\":[{\"@type\":\"SearchAction\",\"target\":{\"@type\":\"EntryPoint\",\"urlTemplate\":\"https:\\\/\\\/www.aitordelgado.com\\\/?s={search_term_string}\"},\"query-input\":{\"@type\":\"PropertyValueSpecification\",\"valueRequired\":true,\"valueName\":\"search_term_string\"}}],\"inLanguage\":\"es\"},{\"@type\":\"Organization\",\"@id\":\"https:\\\/\\\/www.aitordelgado.com\\\/#organization\",\"name\":\"Aitor Delgado Basque Private Tour Guide\",\"url\":\"https:\\\/\\\/www.aitordelgado.com\\\/\",\"logo\":{\"@type\":\"ImageObject\",\"inLanguage\":\"es\",\"@id\":\"https:\\\/\\\/www.aitordelgado.com\\\/#\\\/schema\\\/logo\\\/image\\\/\",\"url\":\"https:\\\/\\\/www.aitordelgado.com\\\/wp-content\\\/uploads\\\/2019\\\/07\\\/logo.png\",\"contentUrl\":\"https:\\\/\\\/www.aitordelgado.com\\\/wp-content\\\/uploads\\\/2019\\\/07\\\/logo.png\",\"width\":570,\"height\":86,\"caption\":\"Aitor Delgado Basque Private Tour Guide\"},\"image\":{\"@id\":\"https:\\\/\\\/www.aitordelgado.com\\\/#\\\/schema\\\/logo\\\/image\\\/\"},\"sameAs\":[\"https:\\\/\\\/www.facebook.com\\\/aitordelgadotours\",\"https:\\\/\\\/x.com\\\/aitordelgadocom\"]}]}<\/script>\n<!-- \/ Yoast SEO plugin. -->","yoast_head_json":{"title":"Bit\u00e1cora - Aitor Delgado Tours - Noticias, cultura, agenda","description":"La bit\u00e1cora de Aitor Delgado: historia, cultura, ocio, entretenimiento, gastronom\u00eda, tradici\u00f3n, cuentos, cuevas, patrimonio... del Pa\u00eds Vasco","robots":{"index":"index","follow":"follow","max-snippet":"max-snippet:-1","max-image-preview":"max-image-preview:large","max-video-preview":"max-video-preview:-1"},"canonical":"https:\/\/www.aitordelgado.com\/es\/bitacora\/","og_locale":"es_ES","og_type":"article","og_title":"Bit\u00e1cora - Aitor Delgado Tours - Noticias, cultura, agenda","og_description":"La bit\u00e1cora de Aitor Delgado: historia, cultura, ocio, entretenimiento, gastronom\u00eda, tradici\u00f3n, cuentos, cuevas, patrimonio... del Pa\u00eds Vasco","og_url":"https:\/\/www.aitordelgado.com\/es\/bitacora\/","og_site_name":"Aitor Delgado Tours","article_publisher":"https:\/\/www.facebook.com\/aitordelgadotours","article_modified_time":"2022-11-29T18:11:18+00:00","og_image":[{"width":570,"height":86,"url":"https:\/\/www.aitordelgado.com\/wp-content\/uploads\/2019\/07\/logo.png","type":"image\/png"}],"twitter_card":"summary_large_image","twitter_site":"@aitordelgadocom","schema":{"@context":"https:\/\/schema.org","@graph":[{"@type":"WebPage","@id":"https:\/\/www.aitordelgado.com\/es\/bitacora\/","url":"https:\/\/www.aitordelgado.com\/es\/bitacora\/","name":"Bit\u00e1cora - Aitor Delgado Tours - Noticias, cultura, agenda","isPartOf":{"@id":"https:\/\/www.aitordelgado.com\/#website"},"datePublished":"2012-11-16T14:47:45+00:00","dateModified":"2022-11-29T18:11:18+00:00","description":"La bit\u00e1cora de Aitor Delgado: historia, cultura, ocio, entretenimiento, gastronom\u00eda, tradici\u00f3n, cuentos, cuevas, patrimonio... del Pa\u00eds Vasco","breadcrumb":{"@id":"https:\/\/www.aitordelgado.com\/es\/bitacora\/#breadcrumb"},"inLanguage":"es","potentialAction":[{"@type":"ReadAction","target":["https:\/\/www.aitordelgado.com\/es\/bitacora\/"]}]},{"@type":"BreadcrumbList","@id":"https:\/\/www.aitordelgado.com\/es\/bitacora\/#breadcrumb","itemListElement":[{"@type":"ListItem","position":1,"name":"Home","item":"https:\/\/www.aitordelgado.com\/es\/"},{"@type":"ListItem","position":2,"name":"Bit\u00e1cora"}]},{"@type":"WebSite","@id":"https:\/\/www.aitordelgado.com\/#website","url":"https:\/\/www.aitordelgado.com\/","name":"Aitor Delgado Tours","description":"Let me be your host in the Basque Country and show you the must seen but also the hidden gems of this region both in Spain and France with my exclusive tours","publisher":{"@id":"https:\/\/www.aitordelgado.com\/#organization"},"potentialAction":[{"@type":"SearchAction","target":{"@type":"EntryPoint","urlTemplate":"https:\/\/www.aitordelgado.com\/?s={search_term_string}"},"query-input":{"@type":"PropertyValueSpecification","valueRequired":true,"valueName":"search_term_string"}}],"inLanguage":"es"},{"@type":"Organization","@id":"https:\/\/www.aitordelgado.com\/#organization","name":"Aitor Delgado Basque Private Tour Guide","url":"https:\/\/www.aitordelgado.com\/","logo":{"@type":"ImageObject","inLanguage":"es","@id":"https:\/\/www.aitordelgado.com\/#\/schema\/logo\/image\/","url":"https:\/\/www.aitordelgado.com\/wp-content\/uploads\/2019\/07\/logo.png","contentUrl":"https:\/\/www.aitordelgado.com\/wp-content\/uploads\/2019\/07\/logo.png","width":570,"height":86,"caption":"Aitor Delgado Basque Private Tour Guide"},"image":{"@id":"https:\/\/www.aitordelgado.com\/#\/schema\/logo\/image\/"},"sameAs":["https:\/\/www.facebook.com\/aitordelgadotours","https:\/\/x.com\/aitordelgadocom"]}]}},"_links":{"self":[{"href":"https:\/\/www.aitordelgado.com\/es\/wp-json\/wp\/v2\/pages\/12312","targetHints":{"allow":["GET"]}}],"collection":[{"href":"https:\/\/www.aitordelgado.com\/es\/wp-json\/wp\/v2\/pages"}],"about":[{"href":"https:\/\/www.aitordelgado.com\/es\/wp-json\/wp\/v2\/types\/page"}],"author":[{"embeddable":true,"href":"https:\/\/www.aitordelgado.com\/es\/wp-json\/wp\/v2\/users\/1"}],"replies":[{"embeddable":true,"href":"https:\/\/www.aitordelgado.com\/es\/wp-json\/wp\/v2\/comments?post=12312"}],"version-history":[{"count":0,"href":"https:\/\/www.aitordelgado.com\/es\/wp-json\/wp\/v2\/pages\/12312\/revisions"}],"wp:attachment":[{"href":"https:\/\/www.aitordelgado.com\/es\/wp-json\/wp\/v2\/media?parent=12312"}],"curies":[{"name":"wp","href":"https:\/\/api.w.org\/{rel}","templated":true}]}}