{"id":12239,"date":"2019-07-12T21:05:56","date_gmt":"2019-07-12T19:05:56","guid":{"rendered":"http:\/\/www.aitordelgado.com\/sobre-mi\/"},"modified":"2026-02-26T19:47:53","modified_gmt":"2026-02-26T18:47:53","slug":"quien-es-aitor","status":"publish","type":"page","link":"https:\/\/www.aitordelgado.com\/es\/quien-es-aitor\/","title":{"rendered":"Quien es Aitor"},"content":{"rendered":"<p><div class=\"fusion-fullwidth fullwidth-box fusion-builder-row-1 fusion-flex-container fusion-parallax-none hundred-percent-fullwidth non-hundred-percent-height-scrolling\" style=\"background-color: #ffffff;background-image: url(&quot;https:\/\/www.aitordelgado.com\/wp-content\/uploads\/2019\/07\/sobre-mi-banner-1024x469.png&quot;);background-position: center center;background-repeat: no-repeat;border-width: 0px 0px 0px 0px;border-color:#eae9e9;border-style:solid;-webkit-background-size:cover;-moz-background-size:cover;-o-background-size:cover;background-size:cover;\" ><div class=\"fusion-builder-row fusion-row fusion-flex-align-items-flex-start\" style=\"width:104% !important;max-width:104% !important;margin-left: calc(-4% \/ 2 );margin-right: calc(-4% \/ 2 );\"><div class=\"fusion-layout-column fusion_builder_column fusion-builder-column-0 fusion_builder_column_1_1 1_1 fusion-flex-column\"><div class=\"fusion-column-wrapper fusion-flex-justify-content-flex-start fusion-content-layout-column\" style=\"background-position:left top;background-repeat:no-repeat;-webkit-background-size:cover;-moz-background-size:cover;-o-background-size:cover;background-size:cover;padding: 0px 0px 0px 0px;\"><div class=\"fusion-text fusion-text-1\"><h1 class=\"BigCalson\" style=\"margin-top: 0px; text-align: center; color: #cda052; font-size: 44px; line-height: 48px;\">Qui\u00e9n es Aitor Delgado.<br \/>\nFundador de Aitor Delgado Tours y Gu\u00eda Privado del Pa\u00eds Vasco<\/h1>\n<\/div><div style=\"text-align:center;\"><style>.fusion-button.button-1{border-radius:30px 30px 30px 30px;}<\/style><a class=\"fusion-button button-flat fusion-button-default-size button-default button-1 fusion-button-default-span fusion-button-default-type videomodalbutton\" target=\"_self\" href=\"#\" data-toggle=\"modal\" data-target=\".fusion-modal.videomodal\"><span class=\"fusion-button-text\">PLAY<\/span><\/a><\/div><div class=\"fusion-text fusion-text-2\"><p class=\"BrandonGrotesque\" style=\"text-align: center; font-size: 16px; font-weight: normal; margin-top: 40px; color: #fff !important;\">VER VIDEO<\/p>\n<\/div><div class=\"fusion-modal modal fade modal-1 videomodal\" tabindex=\"-1\" role=\"dialog\" aria-labelledby=\"modal-heading-1\" aria-hidden=\"true\"><style type=\"text\/css\">.modal-1 .modal-header, .modal-1 .modal-footer{border-color:#ebebeb;}<\/style><div class=\"modal-dialog modal-lg\" role=\"document\"><div class=\"modal-content fusion-modal-content\" style=\"background-color:#f6f6f6\"><div class=\"modal-header\"><button class=\"close\" type=\"button\" data-dismiss=\"modal\" aria-hidden=\"true\" aria-label=\"Close\">&times;<\/button><h3 class=\"modal-title\" id=\"modal-heading-1\" data-dismiss=\"modal\" aria-hidden=\"true\"><\/h3><\/div><div class=\"modal-body fusion-clearfix\"><iframe style=\"width: 100%;\" src=\"https:\/\/www.youtube.com\/embed\/NFbaX3KdXOk\" width=\"560\" height=\"315\" frameborder=\"0\" allowfullscreen=\"allowfullscreen\"><\/iframe><\/div><div class=\"modal-footer\"><button class=\"fusion-button button-default button-medium button default medium\" type=\"button\" data-dismiss=\"modal\">Close<\/button><\/div><\/div><\/div><\/div><\/div><style type=\"text\/css\">.fusion-body .fusion-builder-column-0{width:100% !important;margin-top : 0px;margin-bottom : 0px;}.fusion-builder-column-0 > .fusion-column-wrapper {padding-top : 0px !important;padding-right : 0px !important;margin-right : 1.92%;padding-bottom : 0px !important;padding-left : 0px !important;margin-left : 1.92%;}@media only screen and (max-width:1024px) {.fusion-body .fusion-builder-column-0{width:100% !important;}.fusion-builder-column-0 > .fusion-column-wrapper {margin-right : 1.92%;margin-left : 1.92%;}}@media only screen and (max-width:640px) {.fusion-body .fusion-builder-column-0{width:100% !important;}.fusion-builder-column-0 > .fusion-column-wrapper {margin-right : 1.92%;margin-left : 1.92%;}}<\/style><\/div><\/div><style type=\"text\/css\">.fusion-body .fusion-flex-container.fusion-builder-row-1{ padding-top : 250px;margin-top : 0px;padding-right : 0px;padding-bottom : 250px;margin-bottom : 0;padding-left : 0px;}<\/style><\/div><div class=\"fusion-fullwidth fullwidth-box fusion-builder-row-2 fusion-flex-container nonhundred-percent-fullwidth non-hundred-percent-height-scrolling\" style=\"background-color: #ffffff;background-position: center center;background-repeat: no-repeat;border-width: 0px 0px 0px 0px;border-color:#eae9e9;border-style:solid;\" ><div class=\"fusion-builder-row fusion-row fusion-flex-align-items-flex-start\" style=\"max-width:1144px;margin-left: calc(-4% \/ 2 );margin-right: calc(-4% \/ 2 );\"><div class=\"fusion-layout-column fusion_builder_column fusion-builder-column-1 fusion_builder_column_1_3 1_3 fusion-flex-column\"><div class=\"fusion-column-wrapper fusion-flex-justify-content-flex-start fusion-content-layout-column\" style=\"background-position:left top;background-repeat:no-repeat;-webkit-background-size:cover;-moz-background-size:cover;-o-background-size:cover;background-size:cover;padding: 0px 0px 0px 0px;\"><div class=\"fusion-text fusion-text-3\"><h2 class=\"BigCalson\" style=\"margin-top: 20px; text-align: center; font-size: 44px;\">\u00bfQui\u00e9n es Aitor?<\/h2>\n<\/div><\/div><style type=\"text\/css\">.fusion-body .fusion-builder-column-1{width:33.333333333333% !important;margin-top : 0px;margin-bottom : 20px;}.fusion-builder-column-1 > .fusion-column-wrapper {padding-top : 0px !important;padding-right : 0px !important;margin-right : 5.76%;padding-bottom : 0px !important;padding-left : 0px !important;margin-left : 5.76%;}@media only screen and (max-width:1024px) {.fusion-body .fusion-builder-column-1{width:33.333333333333% !important;}.fusion-builder-column-1 > .fusion-column-wrapper {margin-right : 5.76%;margin-left : 5.76%;}}@media only screen and (max-width:640px) {.fusion-body .fusion-builder-column-1{width:100% !important;}.fusion-builder-column-1 > .fusion-column-wrapper {margin-right : 1.92%;margin-left : 1.92%;}}<\/style><\/div><div class=\"fusion-layout-column fusion_builder_column fusion-builder-column-2 fusion_builder_column_2_3 2_3 fusion-flex-column\"><div class=\"fusion-column-wrapper fusion-flex-justify-content-flex-start fusion-content-layout-column\" style=\"background-position:left top;background-repeat:no-repeat;-webkit-background-size:cover;-moz-background-size:cover;-o-background-size:cover;background-size:cover;padding: 0px 0px 0px 0px;\"><div class=\"fusion-text fusion-text-4\"><p>Nac\u00ed y crec\u00ed en el Pa\u00eds Vasco, en una familia que valoraba la curiosidad cultural y los viajes internacionales cuando a\u00fan no era habitual salir de Espa\u00f1a. Aquellas primeras experiencias despertaron en m\u00ed una mirada abierta al mundo sin perder nunca el arraigo a mi tierra.<\/p>\n<p>Mi formaci\u00f3n acad\u00e9mica comenz\u00f3 en el \u00e1mbito cient\u00edfico. Me licenci\u00e9 en Qu\u00edmica por la Universidad del Pa\u00eds Vasco en Bilbao y posteriormente curs\u00e9 estudios de Qu\u00edmica Forense y Anal\u00edtica en el Reino Unido. Esta base cient\u00edfica me ense\u00f1\u00f3 a investigar con rigor, contrastar fuentes y profundizar en los detalles \u2014 habilidades que hoy aplico en cada experiencia cultural que dise\u00f1o.<\/p>\n<p>Inici\u00e9 mi trayectoria profesional en el \u00e1mbito del control de calidad y la investigaci\u00f3n en un Centro Tecnol\u00f3gico, donde desarroll\u00e9 una especial pasi\u00f3n por la b\u00fasqueda de informaci\u00f3n rigurosa y singular. M\u00e1s adelante, desde el Departamento de Exportaci\u00f3n de una empresa privada, viaj\u00e9 internacionalmente y acompa\u00f1\u00e9 a clientes y ejecutivos extranjeros, mostr\u00e1ndoles rincones aut\u00e9nticos del Pa\u00eds Vasco inaccesibles para el visitante convencional.<\/p>\n<p>Tras la crisis econ\u00f3mica de finales de los a\u00f1os 2000, decid\u00ed transformar esa pasi\u00f3n por mostrar mi tierra en un proyecto profesional propio, alineado con mis talentos, mi vocaci\u00f3n cultural y mi experiencia internacional.<\/p>\n<p>Quienes hab\u00edan viajado conmigo siempre destacaban mi capacidad para dise\u00f1ar itinerarios significativos, explicar con claridad contextos hist\u00f3ricos complejos y adaptar cada experiencia a los intereses de cada persona. Fue entonces cuando comprend\u00ed que mi vocaci\u00f3n era convertirme en gu\u00eda privado.<\/p>\n<p>Fui pionero en desarrollar en el Pa\u00eds Vasco el concepto de dise\u00f1o a medida de tours privados y personalizados, orientados espec\u00edficamente al turismo Premium y de lujo, tanto para viajeros individuales como para empresas e instituciones internacionales.<\/p>\n<p>Hoy, como gu\u00eda privado independiente en el Pa\u00eds Vasco espa\u00f1ol y franc\u00e9s, tengo el privilegio de acompa\u00f1ar a viajeros culturalmente inquietos, ejecutivos internacionales y familias exigentes que buscan autenticidad, profundidad y exclusividad.<\/p>\n<p>Las excelentes valoraciones en plataformas internacionales de referencia, junto con art\u00edculos publicados por periodistas y escritores de Estados Unidos, Reino Unido y otros pa\u00edses, han consolidado la reputaci\u00f3n de Aitor Delgado Tours como una referencia en el sector del turismo privado de lujo en el Pa\u00eds Vasco.<\/p>\n<p>A\u00f1o tras a\u00f1o selecciono cuidadosamente a los mejores colaboradores \u2014 expertos locales, espacios privados y proveedores de alta calidad \u2014 para garantizar experiencias excepcionales dise\u00f1adas exclusivamente para cada cliente.<\/p>\n<p>Mi mayor satisfacci\u00f3n es que cada viajero se marche con una comprensi\u00f3n m\u00e1s profunda del Pa\u00eds Vasco y con recuerdos que perduren en el tiempo. Si valoras la autenticidad, la cultura y la excelencia en el servicio, estar\u00e9 encantado de dise\u00f1ar una experiencia privada exclusivamente para ti.<\/p>\n<\/div><\/div><style type=\"text\/css\">.fusion-body .fusion-builder-column-2{width:66.666666666667% !important;margin-top : 0px;margin-bottom : 20px;}.fusion-builder-column-2 > .fusion-column-wrapper {padding-top : 0px !important;padding-right : 0px !important;margin-right : 2.88%;padding-bottom : 0px !important;padding-left : 0px !important;margin-left : 2.88%;}@media only screen and (max-width:1024px) {.fusion-body .fusion-builder-column-2{width:66.666666666667% !important;}.fusion-builder-column-2 > .fusion-column-wrapper {margin-right : 2.88%;margin-left : 2.88%;}}@media only screen and (max-width:640px) {.fusion-body .fusion-builder-column-2{width:100% !important;}.fusion-builder-column-2 > .fusion-column-wrapper {margin-right : 1.92%;margin-left : 1.92%;}}<\/style><\/div><\/div><style type=\"text\/css\">.fusion-body .fusion-flex-container.fusion-builder-row-2{ padding-top : 50px;margin-top : 0px;padding-right : 0px;padding-bottom : 50px;margin-bottom : 0px;padding-left : 0px;}<\/style><\/div><div class=\"fusion-fullwidth fullwidth-box fusion-builder-row-3 fusion-flex-container hundred-percent-fullwidth non-hundred-percent-height-scrolling\" style=\"background-color: #e5e5e5;background-position: center center;background-repeat: no-repeat;border-width: 0px 0px 0px 0px;border-color:#eae9e9;border-style:solid;\" ><div class=\"fusion-builder-row fusion-row fusion-flex-align-items-flex-start\" style=\"width:104% !important;max-width:104% !important;margin-left: calc(-4% \/ 2 );margin-right: calc(-4% \/ 2 );\"><div class=\"fusion-layout-column fusion_builder_column fusion-builder-column-3 fusion_builder_column_1_1 1_1 fusion-flex-column\"><div class=\"fusion-column-wrapper fusion-flex-justify-content-flex-start fusion-content-layout-column\" style=\"background-position:left top;background-repeat:no-repeat;-webkit-background-size:cover;-moz-background-size:cover;-o-background-size:cover;background-size:cover;padding: 0px 0px 0px 0px;\"><div class=\"fusion-text fusion-text-5\"><p><a class=\"BrandonGrotesque\" style=\"margin-top: 40px; text-align: center; background-color: #cda152; color: #000; font-size: 15px; line-height: 17px; width: 100%; max-width: 350px; padding: 15px 15px; display: block; margin-left: auto; margin-right: auto; text-decoration: none; border-radius: 50px; font-weight: normal;\" href=\"\/?page_id=12241\">COMIENZA A DISE\u00d1AR TU<br \/>\nEXPERIENCIA PRIVADA EN EL PA\u00cdS VASCO<\/a><\/p>\n<\/div><\/div><style type=\"text\/css\">.fusion-body .fusion-builder-column-3{width:100% !important;margin-top : 0px;margin-bottom : 20px;}.fusion-builder-column-3 > .fusion-column-wrapper {padding-top : 0px !important;padding-right : 0px !important;margin-right : 1.92%;padding-bottom : 0px !important;padding-left : 0px !important;margin-left : 1.92%;}@media only screen and (max-width:1024px) {.fusion-body .fusion-builder-column-3{width:100% !important;}.fusion-builder-column-3 > .fusion-column-wrapper {margin-right : 1.92%;margin-left : 1.92%;}}@media only screen and (max-width:640px) {.fusion-body .fusion-builder-column-3{width:100% !important;}.fusion-builder-column-3 > .fusion-column-wrapper {margin-right : 1.92%;margin-left : 1.92%;}}<\/style><\/div><\/div><style type=\"text\/css\">.fusion-body .fusion-flex-container.fusion-builder-row-3{ padding-top : 0px;margin-top : 0px;padding-right : 0px;padding-bottom : 0px;margin-bottom : 0px;padding-left : 0px;}<\/style><\/div><div class=\"fusion-fullwidth fullwidth-box fusion-builder-row-4 fusion-flex-container nonhundred-percent-fullwidth non-hundred-percent-height-scrolling\" style=\"background-color: #ffffff;background-position: center center;background-repeat: no-repeat;border-width: 0px 0px 0px 0px;border-color:#eae9e9;border-style:solid;\" ><div class=\"fusion-builder-row fusion-row fusion-flex-align-items-flex-start\" style=\"max-width:1144px;margin-left: calc(-4% \/ 2 );margin-right: calc(-4% \/ 2 );\"><div class=\"fusion-layout-column fusion_builder_column fusion-builder-column-4 fusion_builder_column_1_1 1_1 fusion-flex-column fusion-flex-align-self-center\"><div class=\"fusion-column-wrapper fusion-flex-justify-content-flex-start fusion-content-layout-column\" style=\"background-position:left top;background-repeat:no-repeat;-webkit-background-size:cover;-moz-background-size:cover;-o-background-size:cover;background-size:cover;padding: 0px 0px 0px 0px;\"><div class=\"fusion-text fusion-text-6\"><h2 class=\"BigCalson\" style=\"margin-top: 80px; text-align: center; color: #cda152; margin-bottom: 0; font-size: 44px; line-height: 42px;\">Credenciales Profesionales y Acreditaciones Oficiales<\/h2>\n<p class=\"BrandonGrotesque\" style=\"text-align: center; font-size: 18px; line-height: 20px; margin-top: 30px;\">Su trayectoria est\u00e1 respaldada por acreditaciones oficiales y premios internacionales en el sector tur\u00edstico.<br \/>\n(Enlace a p\u00e1gina de <span style=\"color: #cda052;\"><a style=\"color: #cda052;\" href=\"\/?page_id=12236\" target=\"_blank\" rel=\"noopener\">Premios y certificaciones<\/a><\/span>)<\/p>\n<\/div><\/div><style type=\"text\/css\">.fusion-body .fusion-builder-column-4{width:100% !important;margin-top : 0px;margin-bottom : 20px;}.fusion-builder-column-4 > .fusion-column-wrapper {padding-top : 0px !important;padding-right : 0px !important;margin-right : 1.92%;padding-bottom : 0px !important;padding-left : 0px !important;margin-left : 1.92%;}@media only screen and (max-width:1024px) {.fusion-body .fusion-builder-column-4{width:100% !important;order : 0;}.fusion-builder-column-4 > .fusion-column-wrapper {margin-right : 1.92%;margin-left : 1.92%;}}@media only screen and (max-width:640px) {.fusion-body .fusion-builder-column-4{width:100% !important;order : 0;}.fusion-builder-column-4 > .fusion-column-wrapper {margin-right : 1.92%;margin-left : 1.92%;}}<\/style><\/div><\/div><style type=\"text\/css\">.fusion-body .fusion-flex-container.fusion-builder-row-4{ padding-top : 50px;margin-top : 0px;padding-right : 0px;padding-bottom : 50px;margin-bottom : 0px;padding-left : 0px;}<\/style><\/div><div class=\"fusion-fullwidth fullwidth-box fusion-builder-row-5 fusion-flex-container nonhundred-percent-fullwidth non-hundred-percent-height-scrolling\" style=\"background-color: #ffffff;background-position: center center;background-repeat: no-repeat;border-width: 0px 0px 0px 0px;border-color:#eae9e9;border-style:solid;\" ><div class=\"fusion-builder-row fusion-row fusion-flex-align-items-stretch\" style=\"max-width:1144px;margin-left: calc(-4% \/ 2 );margin-right: calc(-4% \/ 2 );\"><div class=\"fusion-layout-column fusion_builder_column fusion-builder-column-5 fusion_builder_column_1_3 1_3 fusion-flex-column\"><div class=\"fusion-column-wrapper fusion-flex-justify-content-flex-start fusion-content-layout-column\" style=\"background-position:left top;background-repeat:no-repeat;-webkit-background-size:cover;-moz-background-size:cover;-o-background-size:cover;background-size:cover;padding: 0px 0px 0px 0px;\"><div style=\"text-align:center;\"><span class=\" fusion-imageframe imageframe-none imageframe-1 hover-type-none\" style=\"max-width:300px;\"><a class=\"fusion-no-lightbox\" href=\"http:\/\/basqueluxury.com\/\" target=\"_blank\" aria-label=\"Basque Luxury member logo\" rel=\"noopener noreferrer\"><img decoding=\"async\" width=\"371\" height=\"285\" alt=\"Aitor es miembro de Basque Luxury\" src=\"https:\/\/www.aitordelgado.com\/wp-content\/uploads\/2019\/10\/member01.jpg\" class=\"img-responsive wp-image-12694\" srcset=\"https:\/\/www.aitordelgado.com\/wp-content\/uploads\/2019\/10\/member01-200x154.jpg 200w, https:\/\/www.aitordelgado.com\/wp-content\/uploads\/2019\/10\/member01.jpg 371w\" sizes=\"(max-width: 640px) 100vw, 371px\" \/><\/a><\/span><\/div><div class=\"fusion-text fusion-text-7\"><p class=\"BigCalson\" style=\"text-align: center; font-size: 26px; line-height: 30px; font-weight: bold; margin-top: 30px; color: #cda052;\">Basque Luxury<\/p>\n<\/div><div class=\"fusion-text fusion-text-8\"><p class=\"BrandonGrotesque\" style=\"text-align: center; font-size: 18px; line-height: 20px; margin-top: 30px;\">Asociado al grupo de empresas<br \/>\nde lujo del Pa\u00eds Vasco<\/p>\n<\/div><\/div><style type=\"text\/css\">.fusion-body .fusion-builder-column-5{width:33.333333333333% !important;margin-top : 0px;margin-bottom : 50px;}.fusion-builder-column-5 > .fusion-column-wrapper {padding-top : 0px !important;padding-right : 0px !important;margin-right : 5.76%;padding-bottom : 0px !important;padding-left : 0px !important;margin-left : 5.76%;}@media only screen and (max-width:1024px) {.fusion-body .fusion-builder-column-5{width:33.333333333333% !important;}.fusion-builder-column-5 > .fusion-column-wrapper {margin-right : 5.76%;margin-left : 5.76%;}}@media only screen and (max-width:640px) {.fusion-body .fusion-builder-column-5{width:100% !important;}.fusion-builder-column-5 > .fusion-column-wrapper {margin-right : 1.92%;margin-left : 1.92%;}}<\/style><\/div><div class=\"fusion-layout-column fusion_builder_column fusion-builder-column-6 fusion_builder_column_1_3 1_3 fusion-flex-column\"><div class=\"fusion-column-wrapper fusion-flex-justify-content-flex-start fusion-content-layout-column\" style=\"background-position:left top;background-repeat:no-repeat;-webkit-background-size:cover;-moz-background-size:cover;-o-background-size:cover;background-size:cover;padding: 0px 0px 0px 0px;\"><div style=\"text-align:center;\"><span class=\" fusion-imageframe imageframe-none imageframe-2 hover-type-none\" style=\"max-width:300px;\"><a class=\"fusion-no-lightbox\" href=\"https:\/\/www.guggenheim-bilbao.eus\/\" target=\"_blank\" aria-label=\"Miembro asociado del Museo Guggenheim de Bilbao\" rel=\"noopener noreferrer\"><img decoding=\"async\" width=\"371\" height=\"285\" alt=\"Tarjeta del Museo Guggenheim\" src=\"https:\/\/www.aitordelgado.com\/wp-content\/uploads\/2019\/10\/member02.jpg\" class=\"img-responsive wp-image-12696\" srcset=\"https:\/\/www.aitordelgado.com\/wp-content\/uploads\/2019\/10\/member02-200x154.jpg 200w, https:\/\/www.aitordelgado.com\/wp-content\/uploads\/2019\/10\/member02.jpg 371w\" sizes=\"(max-width: 640px) 100vw, 371px\" \/><\/a><\/span><\/div><div class=\"fusion-text fusion-text-9\"><p class=\"BigCalson\" style=\"text-align: center; font-size: 26px; line-height: 30px; font-weight: bold; margin-top: 30px; color: #cda052;\">Museo Guggenheim<\/p>\n<\/div><div class=\"fusion-text fusion-text-10\"><p class=\"BrandonGrotesque\" style=\"text-align: center; font-size: 18px; line-height: 20px; margin-top: 30px;\">Gu\u00eda de turismo independiente,<br \/>\nautorizado para realizar<br \/>\nvisitas guiadas al museo<\/p>\n<\/div><\/div><style type=\"text\/css\">.fusion-body .fusion-builder-column-6{width:33.333333333333% !important;margin-top : 0px;margin-bottom : 50px;}.fusion-builder-column-6 > .fusion-column-wrapper {padding-top : 0px !important;padding-right : 0px !important;margin-right : 5.76%;padding-bottom : 0px !important;padding-left : 0px !important;margin-left : 5.76%;}@media only screen and (max-width:1024px) {.fusion-body .fusion-builder-column-6{width:33.333333333333% !important;}.fusion-builder-column-6 > .fusion-column-wrapper {margin-right : 5.76%;margin-left : 5.76%;}}@media only screen and (max-width:640px) {.fusion-body .fusion-builder-column-6{width:100% !important;}.fusion-builder-column-6 > .fusion-column-wrapper {margin-right : 1.92%;margin-left : 1.92%;}}<\/style><\/div><div class=\"fusion-layout-column fusion_builder_column fusion-builder-column-7 fusion_builder_column_1_3 1_3 fusion-flex-column\"><div class=\"fusion-column-wrapper fusion-flex-justify-content-flex-start fusion-content-layout-column\" style=\"background-position:left top;background-repeat:no-repeat;-webkit-background-size:cover;-moz-background-size:cover;-o-background-size:cover;background-size:cover;padding: 0px 0px 0px 0px;\"><div style=\"text-align:center;\"><span class=\" fusion-imageframe imageframe-none imageframe-3 hover-type-none\" style=\"max-width:300px;\"><a class=\"fusion-no-lightbox\" href=\"https:\/\/www.toursbylocals.com\/Basque-Private-Tour-Guide\" target=\"_blank\" aria-label=\"Tours By Locals logo\" rel=\"noopener noreferrer\"><img decoding=\"async\" width=\"370\" height=\"285\" alt=\"Aitor pertenece a Tours by locals\" src=\"https:\/\/www.aitordelgado.com\/wp-content\/uploads\/2019\/10\/member03.jpg\" class=\"img-responsive wp-image-12698\" srcset=\"https:\/\/www.aitordelgado.com\/wp-content\/uploads\/2019\/10\/member03-200x154.jpg 200w, https:\/\/www.aitordelgado.com\/wp-content\/uploads\/2019\/10\/member03.jpg 370w\" sizes=\"(max-width: 640px) 100vw, 370px\" \/><\/a><\/span><\/div><div class=\"fusion-text fusion-text-11\"><p class=\"BigCalson\" style=\"text-align: center; font-size: 26px; line-height: 30px; font-weight: bold; margin-top: 30px; color: #cda052;\">Tours by locals<\/p>\n<\/div><div class=\"fusion-text fusion-text-12\"><p class=\"BrandonGrotesque\" style=\"text-align: center; font-size: 18px; line-height: 20px; margin-top: 30px;\">Gu\u00eda de turismo n\u00famero 4023<br \/>\nde esta plataforma selectiva<br \/>\nde gu\u00edas locales<\/p>\n<\/div><\/div><style type=\"text\/css\">.fusion-body .fusion-builder-column-7{width:33.333333333333% !important;margin-top : 0px;margin-bottom : 50px;}.fusion-builder-column-7 > .fusion-column-wrapper {padding-top : 0px !important;padding-right : 0px !important;margin-right : 5.76%;padding-bottom : 0px !important;padding-left : 0px !important;margin-left : 5.76%;}@media only screen and (max-width:1024px) {.fusion-body .fusion-builder-column-7{width:33.333333333333% !important;}.fusion-builder-column-7 > .fusion-column-wrapper {margin-right : 5.76%;margin-left : 5.76%;}}@media only screen and (max-width:640px) {.fusion-body .fusion-builder-column-7{width:100% !important;}.fusion-builder-column-7 > .fusion-column-wrapper {margin-right : 1.92%;margin-left : 1.92%;}}<\/style><\/div><\/div><style type=\"text\/css\">.fusion-body .fusion-flex-container.fusion-builder-row-5{ padding-top : 25px;margin-top : 0px;padding-right : 0px;padding-bottom : 25px;margin-bottom : 0px;padding-left : 0px;}<\/style><\/div><div class=\"fusion-fullwidth fullwidth-box fusion-builder-row-6 fusion-flex-container nonhundred-percent-fullwidth non-hundred-percent-height-scrolling\" style=\"background-color: #ffffff;background-position: center center;background-repeat: no-repeat;border-width: 0px 0px 0px 0px;border-color:#eae9e9;border-style:solid;\" ><div class=\"fusion-builder-row fusion-row fusion-flex-align-items-stretch\" style=\"max-width:1144px;margin-left: calc(-4% \/ 2 );margin-right: calc(-4% \/ 2 );\"><div class=\"fusion-layout-column fusion_builder_column fusion-builder-column-8 fusion_builder_column_1_3 1_3 fusion-flex-column\"><div class=\"fusion-column-wrapper fusion-flex-justify-content-flex-start fusion-content-layout-column\" style=\"background-position:left top;background-repeat:no-repeat;-webkit-background-size:cover;-moz-background-size:cover;-o-background-size:cover;background-size:cover;padding: 0px 0px 0px 0px;\"><div style=\"text-align:center;\"><span class=\" fusion-imageframe imageframe-none imageframe-4 hover-type-none\" style=\"max-width:300px;\"><a class=\"fusion-no-lightbox\" href=\"https:\/\/www.euipo.europa.eu\/es\" target=\"_blank\" aria-label=\"EUIPO_LOGO_ES &#8211; Oficina de la Propiedad Intelectual de la Uni\u00f3n Europea\" rel=\"noopener noreferrer\"><img decoding=\"async\" width=\"300\" height=\"210\" alt=\"Aitor Delgado Tours - Certificado de Marca Registrada - Oficina de la Propiedad Intelectual de la Uni\u00f3n Europea\" src=\"https:\/\/www.aitordelgado.com\/wp-content\/uploads\/2025\/05\/EUIPO_LOGO_ES-Oficina-de-la-Propiedad-Intelectual-de-la-Union-Europea-300x210.jpg\" class=\"img-responsive wp-image-18892\" srcset=\"https:\/\/www.aitordelgado.com\/wp-content\/uploads\/2025\/05\/EUIPO_LOGO_ES-Oficina-de-la-Propiedad-Intelectual-de-la-Union-Europea-200x140.jpg 200w, https:\/\/www.aitordelgado.com\/wp-content\/uploads\/2025\/05\/EUIPO_LOGO_ES-Oficina-de-la-Propiedad-Intelectual-de-la-Union-Europea-400x281.jpg 400w, https:\/\/www.aitordelgado.com\/wp-content\/uploads\/2025\/05\/EUIPO_LOGO_ES-Oficina-de-la-Propiedad-Intelectual-de-la-Union-Europea-600x421.jpg 600w, https:\/\/www.aitordelgado.com\/wp-content\/uploads\/2025\/05\/EUIPO_LOGO_ES-Oficina-de-la-Propiedad-Intelectual-de-la-Union-Europea.jpg 613w\" sizes=\"(max-width: 640px) 100vw, 400px\" \/><\/a><\/span><\/div><div class=\"fusion-text fusion-text-13\"><p class=\"BigCalson\" style=\"text-align: center; font-size: 26px; line-height: 30px; font-weight: bold; margin-top: 30px; color: #cda052;\">Oficina de la Propiedad Intelectual de la Uni\u00f3n Europea<\/p>\n<\/div><div class=\"fusion-text fusion-text-14\"><p class=\"BrandonGrotesque\" style=\"text-align: center; font-size: 18px; line-height: 20px; margin-top: 30px;\">Aitor Delgado Tours<br \/>\nRegistro de marca 19101951<\/p>\n<\/div><\/div><style type=\"text\/css\">.fusion-body .fusion-builder-column-8{width:33.333333333333% !important;margin-top : 0px;margin-bottom : 50px;}.fusion-builder-column-8 > .fusion-column-wrapper {padding-top : 0px !important;padding-right : 0px !important;margin-right : 5.76%;padding-bottom : 0px !important;padding-left : 0px !important;margin-left : 5.76%;}@media only screen and (max-width:1024px) {.fusion-body .fusion-builder-column-8{width:33.333333333333% !important;}.fusion-builder-column-8 > .fusion-column-wrapper {margin-right : 5.76%;margin-left : 5.76%;}}@media only screen and (max-width:640px) {.fusion-body .fusion-builder-column-8{width:100% !important;}.fusion-builder-column-8 > .fusion-column-wrapper {margin-right : 1.92%;margin-left : 1.92%;}}<\/style><\/div><div class=\"fusion-layout-column fusion_builder_column fusion-builder-column-9 fusion_builder_column_1_3 1_3 fusion-flex-column\"><div class=\"fusion-column-wrapper fusion-flex-justify-content-flex-start fusion-content-layout-column\" style=\"background-position:left top;background-repeat:no-repeat;-webkit-background-size:cover;-moz-background-size:cover;-o-background-size:cover;background-size:cover;padding: 0px 0px 0px 0px;\"><div style=\"text-align:center;\"><span class=\" fusion-imageframe imageframe-none imageframe-5 hover-type-none\" style=\"max-width:300px;\"><a class=\"fusion-no-lightbox\" href=\"https:\/\/www.apite.eu\/aitor-delgado\" target=\"_blank\" aria-label=\"Asociacion Profesional Guias de Turismo Pais Vasco logo\" rel=\"noopener noreferrer\"><img decoding=\"async\" width=\"300\" height=\"231\" alt=\"Aitor es miembro de APITE Asociaci\u00f3n Profesional de Gu\u00edas de Turismo del Pa\u00eds Vasco\" src=\"https:\/\/www.aitordelgado.com\/wp-content\/uploads\/2022\/02\/Asociacion-Profesional-Guias-de-Turismo-Pais-Vasco-logo-300x231.jpg\" class=\"img-responsive wp-image-16293\" srcset=\"https:\/\/www.aitordelgado.com\/wp-content\/uploads\/2022\/02\/Asociacion-Profesional-Guias-de-Turismo-Pais-Vasco-logo-200x154.jpg 200w, https:\/\/www.aitordelgado.com\/wp-content\/uploads\/2022\/02\/Asociacion-Profesional-Guias-de-Turismo-Pais-Vasco-logo.jpg 370w\" sizes=\"(max-width: 640px) 100vw, 300px\" \/><\/a><\/span><\/div><div class=\"fusion-text fusion-text-15\"><p class=\"BigCalson\" style=\"text-align: center; font-size: 26px; line-height: 30px; font-weight: bold; margin-top: 30px; color: #cda052;\">Asociaci\u00f3n Profesional de Gu\u00edas de Turismo del Pa\u00eds Vasco<\/p>\n<\/div><div class=\"fusion-text fusion-text-16\"><p class=\"BrandonGrotesque\" style=\"text-align: center; font-size: 18px; line-height: 20px; margin-top: 30px;\">Miembro Asociado.<br \/>\nGu\u00eda profesional de turismo<\/p>\n<\/div><\/div><style type=\"text\/css\">.fusion-body .fusion-builder-column-9{width:33.333333333333% !important;margin-top : 0px;margin-bottom : 50px;}.fusion-builder-column-9 > .fusion-column-wrapper {padding-top : 0px !important;padding-right : 0px !important;margin-right : 5.76%;padding-bottom : 0px !important;padding-left : 0px !important;margin-left : 5.76%;}@media only screen and (max-width:1024px) {.fusion-body .fusion-builder-column-9{width:33.333333333333% !important;}.fusion-builder-column-9 > .fusion-column-wrapper {margin-right : 5.76%;margin-left : 5.76%;}}@media only screen and (max-width:640px) {.fusion-body .fusion-builder-column-9{width:100% !important;}.fusion-builder-column-9 > .fusion-column-wrapper {margin-right : 1.92%;margin-left : 1.92%;}}<\/style><\/div><div class=\"fusion-layout-column fusion_builder_column fusion-builder-column-10 fusion_builder_column_1_3 1_3 fusion-flex-column\"><div class=\"fusion-column-wrapper fusion-flex-justify-content-flex-start fusion-content-layout-column\" style=\"background-position:left top;background-repeat:no-repeat;-webkit-background-size:cover;-moz-background-size:cover;-o-background-size:cover;background-size:cover;padding: 0px 0px 0px 0px;\"><div style=\"text-align:center;\"><span class=\" fusion-imageframe imageframe-none imageframe-6 hover-type-none\" style=\"max-width:300px;\"><a class=\"fusion-no-lightbox\" href=\"https:\/\/www.euskadi.eus\/web01-a2turism\/eu\/ab63aAppWar\/actividad\/datos\/GHP00022\" target=\"_blank\" aria-label=\"Acreditacion Guia Turismo habilitado GVasco Aitor Delgado\" rel=\"noopener noreferrer\"><img decoding=\"async\" width=\"187\" height=\"300\" alt=\"Acreditaci\u00f3n - Gu\u00eda Turismo habilitado - Gobierno Vasco - Aitor Delgado\" src=\"https:\/\/www.aitordelgado.com\/wp-content\/uploads\/2025\/02\/Acreditacion-Guia-Turismo-habilitado-GVasco-Aitor-Delgado-187x300.jpg\" class=\"img-responsive wp-image-18652\" srcset=\"https:\/\/www.aitordelgado.com\/wp-content\/uploads\/2025\/02\/Acreditacion-Guia-Turismo-habilitado-GVasco-Aitor-Delgado-200x321.jpg 200w, https:\/\/www.aitordelgado.com\/wp-content\/uploads\/2025\/02\/Acreditacion-Guia-Turismo-habilitado-GVasco-Aitor-Delgado-400x642.jpg 400w, https:\/\/www.aitordelgado.com\/wp-content\/uploads\/2025\/02\/Acreditacion-Guia-Turismo-habilitado-GVasco-Aitor-Delgado-600x962.jpg 600w, https:\/\/www.aitordelgado.com\/wp-content\/uploads\/2025\/02\/Acreditacion-Guia-Turismo-habilitado-GVasco-Aitor-Delgado-800x1283.jpg 800w, https:\/\/www.aitordelgado.com\/wp-content\/uploads\/2025\/02\/Acreditacion-Guia-Turismo-habilitado-GVasco-Aitor-Delgado-1200x1925.jpg 1200w, https:\/\/www.aitordelgado.com\/wp-content\/uploads\/2025\/02\/Acreditacion-Guia-Turismo-habilitado-GVasco-Aitor-Delgado-scaled.jpg 1596w\" sizes=\"(max-width: 640px) 100vw, 400px\" \/><\/a><\/span><\/div><div class=\"fusion-text fusion-text-17\"><p class=\"BigCalson\" style=\"text-align: center; font-size: 26px; line-height: 30px; font-weight: bold; margin-top: 30px; color: #cda052;\">Gu\u00eda de Turismo Certificado.<br \/>\nRegistro de Empresas y Actividades Tur\u00edsticas de Euskadi.<br \/>\nGobierno Vasco<\/p>\n<\/div><div class=\"fusion-text fusion-text-18\"><p class=\"BrandonGrotesque\" style=\"text-align: center; font-size: 18px; line-height: 20px; margin-top: 30px;\">Gu\u00eda de Turismo &#8211; Registro GHP00022<\/p>\n<\/div><\/div><style type=\"text\/css\">.fusion-body .fusion-builder-column-10{width:33.333333333333% !important;margin-top : 0px;margin-bottom : 50px;}.fusion-builder-column-10 > .fusion-column-wrapper {padding-top : 0px !important;padding-right : 0px !important;margin-right : 5.76%;padding-bottom : 0px !important;padding-left : 0px !important;margin-left : 5.76%;}@media only screen and (max-width:1024px) {.fusion-body .fusion-builder-column-10{width:33.333333333333% !important;}.fusion-builder-column-10 > .fusion-column-wrapper {margin-right : 5.76%;margin-left : 5.76%;}}@media only screen and (max-width:640px) {.fusion-body .fusion-builder-column-10{width:100% !important;}.fusion-builder-column-10 > .fusion-column-wrapper {margin-right : 1.92%;margin-left : 1.92%;}}<\/style><\/div><\/div><style type=\"text\/css\">.fusion-body .fusion-flex-container.fusion-builder-row-6{ padding-top : 25px;margin-top : 0px;padding-right : 0px;padding-bottom : 25px;margin-bottom : 0px;padding-left : 0px;}<\/style><\/div><div class=\"fusion-fullwidth fullwidth-box fusion-builder-row-7 fusion-flex-container nonhundred-percent-fullwidth non-hundred-percent-height-scrolling\" style=\"background-color: #ffffff;background-position: center center;background-repeat: no-repeat;border-width: 0px 0px 0px 0px;border-color:#eae9e9;border-style:solid;\" ><div class=\"fusion-builder-row fusion-row fusion-flex-align-items-stretch\" style=\"max-width:1144px;margin-left: calc(-4% \/ 2 );margin-right: calc(-4% \/ 2 );\"><div class=\"fusion-layout-column fusion_builder_column fusion-builder-column-11 fusion_builder_column_1_3 1_3 fusion-flex-column\"><div class=\"fusion-column-wrapper fusion-flex-justify-content-flex-start fusion-content-layout-column\" style=\"background-position:left top;background-repeat:no-repeat;-webkit-background-size:cover;-moz-background-size:cover;-o-background-size:cover;background-size:cover;padding: 0px 0px 0px 0px;\"><div style=\"text-align:center;\"><span class=\" fusion-imageframe imageframe-none imageframe-7 hover-type-none\" style=\"max-width:300px;\"><a class=\"fusion-no-lightbox\" href=\"https:\/\/www.feg-touristguides.com\/\" target=\"_blank\" aria-label=\"european federation of tourist guide associations\" rel=\"noopener noreferrer\"><img decoding=\"async\" width=\"300\" height=\"231\" alt=\"Logo de EUROPEAN FEDERATION OF TOURIST GUIDE ASSOCIATIONS\" src=\"https:\/\/www.aitordelgado.com\/wp-content\/uploads\/2022\/02\/european-federation-of-tourist-guide-associations-300x231.jpg\" class=\"img-responsive wp-image-16285\" srcset=\"https:\/\/www.aitordelgado.com\/wp-content\/uploads\/2022\/02\/european-federation-of-tourist-guide-associations-200x154.jpg 200w, https:\/\/www.aitordelgado.com\/wp-content\/uploads\/2022\/02\/european-federation-of-tourist-guide-associations.jpg 370w\" sizes=\"(max-width: 640px) 100vw, 300px\" \/><\/a><\/span><\/div><div class=\"fusion-text fusion-text-19\"><p class=\"BigCalson\" style=\"text-align: center; font-size: 26px; line-height: 30px; font-weight: bold; margin-top: 30px; color: #cda052;\">European Federation of Tourist Guide Association<\/p>\n<\/div><div class=\"fusion-text fusion-text-20\"><p class=\"BrandonGrotesque\" style=\"text-align: center; font-size: 18px; line-height: 20px; margin-top: 30px;\">Miembro asociado<\/p>\n<\/div><\/div><style type=\"text\/css\">.fusion-body .fusion-builder-column-11{width:33.333333333333% !important;margin-top : 0px;margin-bottom : 50px;}.fusion-builder-column-11 > .fusion-column-wrapper {padding-top : 0px !important;padding-right : 0px !important;margin-right : 5.76%;padding-bottom : 0px !important;padding-left : 0px !important;margin-left : 5.76%;}@media only screen and (max-width:1024px) {.fusion-body .fusion-builder-column-11{width:33.333333333333% !important;}.fusion-builder-column-11 > .fusion-column-wrapper {margin-right : 5.76%;margin-left : 5.76%;}}@media only screen and (max-width:640px) {.fusion-body .fusion-builder-column-11{width:100% !important;}.fusion-builder-column-11 > .fusion-column-wrapper {margin-right : 1.92%;margin-left : 1.92%;}}<\/style><\/div><div class=\"fusion-layout-column fusion_builder_column fusion-builder-column-12 fusion_builder_column_1_3 1_3 fusion-flex-column\"><div class=\"fusion-column-wrapper fusion-flex-justify-content-flex-start fusion-content-layout-column\" style=\"background-position:left top;background-repeat:no-repeat;-webkit-background-size:cover;-moz-background-size:cover;-o-background-size:cover;background-size:cover;padding: 0px 0px 0px 0px;\"><div style=\"text-align:center;\"><span class=\" fusion-imageframe imageframe-none imageframe-8 hover-type-none\" style=\"max-width:300px;\"><\/span><\/div><\/div><style type=\"text\/css\">.fusion-body .fusion-builder-column-12{width:33.333333333333% !important;margin-top : 0px;margin-bottom : 50px;}.fusion-builder-column-12 > .fusion-column-wrapper {padding-top : 0px !important;padding-right : 0px !important;margin-right : 5.76%;padding-bottom : 0px !important;padding-left : 0px !important;margin-left : 5.76%;}@media only screen and (max-width:1024px) {.fusion-body .fusion-builder-column-12{width:33.333333333333% !important;}.fusion-builder-column-12 > .fusion-column-wrapper {margin-right : 5.76%;margin-left : 5.76%;}}@media only screen and (max-width:640px) {.fusion-body .fusion-builder-column-12{width:100% !important;}.fusion-builder-column-12 > .fusion-column-wrapper {margin-right : 1.92%;margin-left : 1.92%;}}<\/style><\/div><div class=\"fusion-layout-column fusion_builder_column fusion-builder-column-13 fusion_builder_column_1_3 1_3 fusion-flex-column\"><div class=\"fusion-column-wrapper fusion-flex-justify-content-flex-start fusion-content-layout-column\" style=\"background-position:left top;background-repeat:no-repeat;-webkit-background-size:cover;-moz-background-size:cover;-o-background-size:cover;background-size:cover;padding: 0px 0px 0px 0px;\"><div style=\"text-align:center;\"><span class=\" fusion-imageframe imageframe-none imageframe-9 hover-type-none\" style=\"max-width:300px;\"><a class=\"fusion-no-lightbox\" href=\"https:\/\/wftga.org\/\" target=\"_blank\" aria-label=\"world federation of tourist guide associations\" rel=\"noopener noreferrer\"><img decoding=\"async\" width=\"300\" height=\"231\" alt=\"Logo de World Federation of Tourist Guide Association\" src=\"https:\/\/www.aitordelgado.com\/wp-content\/uploads\/2022\/02\/world-federation-of-tourist-guide-associations-300x231.jpg\" class=\"img-responsive wp-image-16288\" srcset=\"https:\/\/www.aitordelgado.com\/wp-content\/uploads\/2022\/02\/world-federation-of-tourist-guide-associations-200x154.jpg 200w, https:\/\/www.aitordelgado.com\/wp-content\/uploads\/2022\/02\/world-federation-of-tourist-guide-associations.jpg 370w\" sizes=\"(max-width: 640px) 100vw, 300px\" \/><\/a><\/span><\/div><div class=\"fusion-text fusion-text-21\"><p class=\"BigCalson\" style=\"text-align: center; font-size: 26px; line-height: 30px; font-weight: bold; margin-top: 30px; color: #cda052;\">World Federation of Tourist Guide Association<\/p>\n<\/div><div class=\"fusion-text fusion-text-22\"><p class=\"BrandonGrotesque\" style=\"text-align: center; font-size: 18px; line-height: 20px; margin-top: 30px;\">Miembro asociado<\/p>\n<\/div><\/div><style type=\"text\/css\">.fusion-body .fusion-builder-column-13{width:33.333333333333% !important;margin-top : 0px;margin-bottom : 50px;}.fusion-builder-column-13 > .fusion-column-wrapper {padding-top : 0px !important;padding-right : 0px !important;margin-right : 5.76%;padding-bottom : 0px !important;padding-left : 0px !important;margin-left : 5.76%;}@media only screen and (max-width:1024px) {.fusion-body .fusion-builder-column-13{width:33.333333333333% !important;}.fusion-builder-column-13 > .fusion-column-wrapper {margin-right : 5.76%;margin-left : 5.76%;}}@media only screen and (max-width:640px) {.fusion-body .fusion-builder-column-13{width:100% !important;}.fusion-builder-column-13 > .fusion-column-wrapper {margin-right : 1.92%;margin-left : 1.92%;}}<\/style><\/div><\/div><style type=\"text\/css\">.fusion-body .fusion-flex-container.fusion-builder-row-7{ padding-top : 25px;margin-top : 0px;padding-right : 0px;padding-bottom : 25px;margin-bottom : 0px;padding-left : 0px;}<\/style><\/div><div class=\"fusion-fullwidth fullwidth-box fusion-builder-row-8 fusion-flex-container hundred-percent-fullwidth non-hundred-percent-height-scrolling\" style=\"background-color: #ffffff;background-position: center center;background-repeat: no-repeat;border-width: 0px 0px 0px 0px;border-color:#eae9e9;border-style:solid;\" ><div class=\"fusion-builder-row fusion-row fusion-flex-align-items-flex-start\" style=\"width:104% !important;max-width:104% !important;margin-left: calc(-4% \/ 2 );margin-right: calc(-4% \/ 2 );\"><div class=\"fusion-layout-column fusion_builder_column fusion-builder-column-14 fusion_builder_column_1_1 1_1 fusion-flex-column\"><div class=\"fusion-column-wrapper fusion-flex-justify-content-flex-start fusion-content-layout-column\" style=\"background-position:left top;background-repeat:no-repeat;-webkit-background-size:cover;-moz-background-size:cover;-o-background-size:cover;background-size:cover;padding: 0px 0px 0px 0px;\"><div class=\"fusion-text fusion-text-23\">\n<div style=\"padding: 30px 0;background-color: #353535\">\n\t<img decoding=\"async\" class=\"alignnone size-full wp-image-19358 aligncenter\" src=\"https:\/\/www.aitordelgado.com\/wp-content\/uploads\/2026\/01\/Logo-AD15-Negativo.png\" alt=\"Logo Aitor Delgado Tours Special 15\" width=\"388\" height=\"160\" srcset=\"https:\/\/www.aitordelgado.com\/wp-content\/uploads\/2026\/01\/Logo-AD15-Negativo-200x82.png 200w, https:\/\/www.aitordelgado.com\/wp-content\/uploads\/2026\/01\/Logo-AD15-Negativo-300x124.png 300w, https:\/\/www.aitordelgado.com\/wp-content\/uploads\/2026\/01\/Logo-AD15-Negativo.png 388w\" sizes=\"(max-width: 388px) 100vw, 388px\">\n\t<\/div>\n        <style type=\"text\/css\">\n\t\t\t.bottom-menu-item a{ text-transform: uppercase; }\n            .policies-box a:hover{ text-decoration: underline; }\n        <\/style>\n    \t<div style=\"background-color:#292929;padding-top:70px; padding-bottom:5px;text-align:center;\">\n\t\t\t    \t\t\n    \t\t<div class=\"bottom-menu-item\">\n    \t\t\t<!--<a href=\"\/sobre-mi\/\">SOBRE MI<\/a>-->\n                <a href=\"https:\/\/www.aitordelgado.com\/es\/quien-es-aitor\/\">SOBRE MI<\/a>\n    \t\t<\/div>\n    \t\t<div class=\"bottom-menu-item\">\n    \t\t\t<!--<a href=\"\/disena-tour\/\">DISE\u00d1A TU TOUR<\/a>-->\n                <a href=\"https:\/\/www.aitordelgado.com\/es\/disena-tu-tour-personalizado\/\">DISE\u00d1A TU TOUR<\/a>\n    \t\t<\/div>\n    \t\t<div class=\"bottom-menu-item\">\n\t\t\t\t<!--<a href=\"\/tours\/\">TOURS PERSONALIZADOS<\/a>-->\n                <a href=\"https:\/\/www.aitordelgado.com\/es\/tour-privado-vasco\/\">TOURS PERSONALIZADOS<\/a>\n    \t\t<\/div>\n\t\t\t<div class=\"bottom-menu-item\">\n\t\t\t\t<!--<a href=\"\/prensa\/\">APARICI\u00d3N EN MEDIOS<\/a>-->\n                <a href=\"https:\/\/www.aitordelgado.com\/es\/medios-de-comunicacion\/\">APARICI\u00d3N EN MEDIOS<\/a>\n    \t\t<\/div>\n    \t\t<div class=\"bottom-menu-item\">\n    \t\t\t<!--<a href=\"\/premios\/\">PREMIOS<\/a>-->\n                <a href=\"https:\/\/www.aitordelgado.com\/es\/premios-y-certificados\/\">PREMIOS<\/a>\n    \t\t<\/div>    \t\t\n    \t\t<div class=\"bottom-menu-item\">\n    \t\t\t<!--<a href=\"\/reserva-de-tour\/\">CONTACTO<\/a>-->\n                <a href=\"https:\/\/www.aitordelgado.com\/es\/contacto-aitor-delgado-tours\/\">CONTACTO<\/a>\n    \t\t<\/div>\n\n    \t\t<div class=\"social-networks-bottom\">\n    \t\t\t<a href=\"https:\/\/www.facebook.com\/aitordelgadotours\" target=\"_blank\"><i class=\"fa fa-facebook\" aria-hidden=\"true\"><\/i><\/a>\n    \t\t\t<a href=\"https:\/\/www.instagram.com\/aitordelgadotours\/\" target=\"_blank\"><i class=\"fa fa-instagram\" aria-hidden=\"true\"><\/i><\/a>\n    \t\t\t<a href=\"https:\/\/twitter.com\/aitordelgadocom\" target=\"_blank\"><i class=\"fa fa-twitter\" aria-hidden=\"true\"><\/i><\/a>\n    \t\t\t<a href=\"https:\/\/www.linkedin.com\/in\/bilbaoprivatetourguide\/\" target=\"_blank\"><i class=\"fa fa-linkedin\" aria-hidden=\"true\"><\/i><\/a>\n    \t\t<\/div>\n            <div style=\"margin-top: 20px; color: #a7a7a7;\">\n                <i class=\"fa fa-phone\" aria-hidden=\"true\"><\/i> US Phone #: +1 (917) 267 7569<br\/>\n                <i class=\"fa fa-phone\" aria-hidden=\"true\"><\/i> Spanish Phone #: +34 687 476 134\n            <\/div>\n            <div style=\"text-align:center;margin-top:50px;\" class=\"policies-box\">\n                <p style=\"font-size: 13px !important;\">Patrocinado por:<\/p>\n\t\t\t\t<p><img decoding=\"async\" src=\"https:\/\/www.aitordelgado.com\/wp-content\/uploads\/2019\/11\/footer-logo.png\" style=\"display: block; margin-left: auto; margin-right: auto; width: 300px; margin-bottom: 20px;\" \/><\/p>                \n\n\t\t\t\t<img decoding=\"async\" src=\"https:\/\/www.aitordelgado.com\/wp-content\/uploads\/2023\/07\/ristra-kit-digital.png\" style=\"display: block;margin-left:auto;margin-right:auto;margin-bottom: 20px;height:42px;\" alt=\" \" title=\" \" \/>\n\n                <a href=\"https:\/\/www.aitordelgado.com\/es\/politica-privacidad-y-cookies\/\" style=\"color: #a7a7a7; font-size: 13px !important;\">Pol\u00edticas de Cookies y Privacidad<\/a> - <a href=\"https:\/\/www.aitordelgado.com\/es\/terminos-y-condiciones\/\" style=\"color: #a7a7a7; font-size: 13px !important;\">T\u00e9rminos y Condiciones<\/a>\n\t\t\t<\/div>\n    \t<\/div>\n    \n<\/div><\/div><style type=\"text\/css\">.fusion-body .fusion-builder-column-14{width:100% !important;margin-top : 0px;margin-bottom : 0px;}.fusion-builder-column-14 > .fusion-column-wrapper {padding-top : 0px !important;padding-right : 0px !important;margin-right : 1.92%;padding-bottom : 0px !important;padding-left : 0px !important;margin-left : 1.92%;}@media only screen and (max-width:1024px) {.fusion-body .fusion-builder-column-14{width:100% !important;}.fusion-builder-column-14 > .fusion-column-wrapper {margin-right : 1.92%;margin-left : 1.92%;}}@media only screen and (max-width:640px) {.fusion-body .fusion-builder-column-14{width:100% !important;}.fusion-builder-column-14 > .fusion-column-wrapper {margin-right : 1.92%;margin-left : 1.92%;}}<\/style><\/div><\/div><style type=\"text\/css\">.fusion-body .fusion-flex-container.fusion-builder-row-8{ padding-top : 0px;margin-top : 0px;padding-right : 0px;padding-bottom : 0px;margin-bottom : 0;padding-left : 0px;}<\/style><\/div><\/p>\n","protected":false},"excerpt":{"rendered":"","protected":false},"author":1,"featured_media":0,"parent":0,"menu_order":0,"comment_status":"open","ping_status":"closed","template":"100-width.php","meta":{"_acf_changed":false,"footnotes":""},"class_list":["post-12239","page","type-page","status-publish","hentry"],"acf":[],"yoast_head":"<!-- This site is optimized with the Yoast SEO plugin v27.3 - https:\/\/yoast.com\/product\/yoast-seo-wordpress\/ -->\n<title>Quien es Aitor Delgado - Aitor Delgado Tours<\/title>\n<meta name=\"description\" content=\"Qui\u00e9n es Aitor Delgado: fundador de Aitor Delgado Tours y gu\u00eda privado especializado en experiencias de lujo personalizadas en el Pa\u00eds Vasco\" \/>\n<meta name=\"robots\" content=\"index, follow, max-snippet:-1, max-image-preview:large, max-video-preview:-1\" \/>\n<link rel=\"canonical\" href=\"https:\/\/www.aitordelgado.com\/es\/quien-es-aitor\/\" \/>\n<meta property=\"og:locale\" content=\"es_ES\" \/>\n<meta property=\"og:type\" content=\"article\" \/>\n<meta property=\"og:title\" content=\"Quien es Aitor Delgado - Aitor Delgado Tours\" \/>\n<meta property=\"og:description\" content=\"Qui\u00e9n es Aitor Delgado: fundador de Aitor Delgado Tours y gu\u00eda privado especializado en experiencias de lujo personalizadas en el Pa\u00eds Vasco\" \/>\n<meta property=\"og:url\" content=\"https:\/\/www.aitordelgado.com\/es\/quien-es-aitor\/\" \/>\n<meta property=\"og:site_name\" content=\"Aitor Delgado Tours\" \/>\n<meta property=\"article:publisher\" content=\"https:\/\/www.facebook.com\/aitordelgadotours\" \/>\n<meta property=\"article:modified_time\" content=\"2026-02-26T18:47:53+00:00\" \/>\n<meta property=\"og:image\" content=\"https:\/\/www.aitordelgado.com\/wp-content\/uploads\/2019\/07\/logo.png\" \/>\n\t<meta property=\"og:image:width\" content=\"570\" \/>\n\t<meta property=\"og:image:height\" content=\"86\" \/>\n\t<meta property=\"og:image:type\" content=\"image\/png\" \/>\n<meta name=\"twitter:card\" content=\"summary_large_image\" \/>\n<meta name=\"twitter:site\" content=\"@aitordelgadocom\" \/>\n<script type=\"application\/ld+json\" class=\"yoast-schema-graph\">{\"@context\":\"https:\\\/\\\/schema.org\",\"@graph\":[{\"@type\":\"WebPage\",\"@id\":\"https:\\\/\\\/www.aitordelgado.com\\\/es\\\/quien-es-aitor\\\/\",\"url\":\"https:\\\/\\\/www.aitordelgado.com\\\/es\\\/quien-es-aitor\\\/\",\"name\":\"Quien es Aitor Delgado - Aitor Delgado Tours\",\"isPartOf\":{\"@id\":\"https:\\\/\\\/www.aitordelgado.com\\\/#website\"},\"datePublished\":\"2019-07-12T19:05:56+00:00\",\"dateModified\":\"2026-02-26T18:47:53+00:00\",\"description\":\"Qui\u00e9n es Aitor Delgado: fundador de Aitor Delgado Tours y gu\u00eda privado especializado en experiencias de lujo personalizadas en el Pa\u00eds Vasco\",\"breadcrumb\":{\"@id\":\"https:\\\/\\\/www.aitordelgado.com\\\/es\\\/quien-es-aitor\\\/#breadcrumb\"},\"inLanguage\":\"es\",\"potentialAction\":[{\"@type\":\"ReadAction\",\"target\":[\"https:\\\/\\\/www.aitordelgado.com\\\/es\\\/quien-es-aitor\\\/\"]}]},{\"@type\":\"BreadcrumbList\",\"@id\":\"https:\\\/\\\/www.aitordelgado.com\\\/es\\\/quien-es-aitor\\\/#breadcrumb\",\"itemListElement\":[{\"@type\":\"ListItem\",\"position\":1,\"name\":\"Home\",\"item\":\"https:\\\/\\\/www.aitordelgado.com\\\/es\\\/\"},{\"@type\":\"ListItem\",\"position\":2,\"name\":\"Quien es Aitor\"}]},{\"@type\":\"WebSite\",\"@id\":\"https:\\\/\\\/www.aitordelgado.com\\\/#website\",\"url\":\"https:\\\/\\\/www.aitordelgado.com\\\/\",\"name\":\"Aitor Delgado Tours\",\"description\":\"Let me be your host in the Basque Country and show you the must seen but also the hidden gems of this region both in Spain and France with my exclusive tours\",\"publisher\":{\"@id\":\"https:\\\/\\\/www.aitordelgado.com\\\/#organization\"},\"potentialAction\":[{\"@type\":\"SearchAction\",\"target\":{\"@type\":\"EntryPoint\",\"urlTemplate\":\"https:\\\/\\\/www.aitordelgado.com\\\/?s={search_term_string}\"},\"query-input\":{\"@type\":\"PropertyValueSpecification\",\"valueRequired\":true,\"valueName\":\"search_term_string\"}}],\"inLanguage\":\"es\"},{\"@type\":\"Organization\",\"@id\":\"https:\\\/\\\/www.aitordelgado.com\\\/#organization\",\"name\":\"Aitor Delgado Basque Private Tour Guide\",\"url\":\"https:\\\/\\\/www.aitordelgado.com\\\/\",\"logo\":{\"@type\":\"ImageObject\",\"inLanguage\":\"es\",\"@id\":\"https:\\\/\\\/www.aitordelgado.com\\\/#\\\/schema\\\/logo\\\/image\\\/\",\"url\":\"https:\\\/\\\/www.aitordelgado.com\\\/wp-content\\\/uploads\\\/2019\\\/07\\\/logo.png\",\"contentUrl\":\"https:\\\/\\\/www.aitordelgado.com\\\/wp-content\\\/uploads\\\/2019\\\/07\\\/logo.png\",\"width\":570,\"height\":86,\"caption\":\"Aitor Delgado Basque Private Tour Guide\"},\"image\":{\"@id\":\"https:\\\/\\\/www.aitordelgado.com\\\/#\\\/schema\\\/logo\\\/image\\\/\"},\"sameAs\":[\"https:\\\/\\\/www.facebook.com\\\/aitordelgadotours\",\"https:\\\/\\\/x.com\\\/aitordelgadocom\"]}]}<\/script>\n<!-- \/ Yoast SEO plugin. -->","yoast_head_json":{"title":"Quien es Aitor Delgado - Aitor Delgado Tours","description":"Qui\u00e9n es Aitor Delgado: fundador de Aitor Delgado Tours y gu\u00eda privado especializado en experiencias de lujo personalizadas en el Pa\u00eds Vasco","robots":{"index":"index","follow":"follow","max-snippet":"max-snippet:-1","max-image-preview":"max-image-preview:large","max-video-preview":"max-video-preview:-1"},"canonical":"https:\/\/www.aitordelgado.com\/es\/quien-es-aitor\/","og_locale":"es_ES","og_type":"article","og_title":"Quien es Aitor Delgado - Aitor Delgado Tours","og_description":"Qui\u00e9n es Aitor Delgado: fundador de Aitor Delgado Tours y gu\u00eda privado especializado en experiencias de lujo personalizadas en el Pa\u00eds Vasco","og_url":"https:\/\/www.aitordelgado.com\/es\/quien-es-aitor\/","og_site_name":"Aitor Delgado Tours","article_publisher":"https:\/\/www.facebook.com\/aitordelgadotours","article_modified_time":"2026-02-26T18:47:53+00:00","og_image":[{"width":570,"height":86,"url":"https:\/\/www.aitordelgado.com\/wp-content\/uploads\/2019\/07\/logo.png","type":"image\/png"}],"twitter_card":"summary_large_image","twitter_site":"@aitordelgadocom","schema":{"@context":"https:\/\/schema.org","@graph":[{"@type":"WebPage","@id":"https:\/\/www.aitordelgado.com\/es\/quien-es-aitor\/","url":"https:\/\/www.aitordelgado.com\/es\/quien-es-aitor\/","name":"Quien es Aitor Delgado - Aitor Delgado Tours","isPartOf":{"@id":"https:\/\/www.aitordelgado.com\/#website"},"datePublished":"2019-07-12T19:05:56+00:00","dateModified":"2026-02-26T18:47:53+00:00","description":"Qui\u00e9n es Aitor Delgado: fundador de Aitor Delgado Tours y gu\u00eda privado especializado en experiencias de lujo personalizadas en el Pa\u00eds Vasco","breadcrumb":{"@id":"https:\/\/www.aitordelgado.com\/es\/quien-es-aitor\/#breadcrumb"},"inLanguage":"es","potentialAction":[{"@type":"ReadAction","target":["https:\/\/www.aitordelgado.com\/es\/quien-es-aitor\/"]}]},{"@type":"BreadcrumbList","@id":"https:\/\/www.aitordelgado.com\/es\/quien-es-aitor\/#breadcrumb","itemListElement":[{"@type":"ListItem","position":1,"name":"Home","item":"https:\/\/www.aitordelgado.com\/es\/"},{"@type":"ListItem","position":2,"name":"Quien es Aitor"}]},{"@type":"WebSite","@id":"https:\/\/www.aitordelgado.com\/#website","url":"https:\/\/www.aitordelgado.com\/","name":"Aitor Delgado Tours","description":"Let me be your host in the Basque Country and show you the must seen but also the hidden gems of this region both in Spain and France with my exclusive tours","publisher":{"@id":"https:\/\/www.aitordelgado.com\/#organization"},"potentialAction":[{"@type":"SearchAction","target":{"@type":"EntryPoint","urlTemplate":"https:\/\/www.aitordelgado.com\/?s={search_term_string}"},"query-input":{"@type":"PropertyValueSpecification","valueRequired":true,"valueName":"search_term_string"}}],"inLanguage":"es"},{"@type":"Organization","@id":"https:\/\/www.aitordelgado.com\/#organization","name":"Aitor Delgado Basque Private Tour Guide","url":"https:\/\/www.aitordelgado.com\/","logo":{"@type":"ImageObject","inLanguage":"es","@id":"https:\/\/www.aitordelgado.com\/#\/schema\/logo\/image\/","url":"https:\/\/www.aitordelgado.com\/wp-content\/uploads\/2019\/07\/logo.png","contentUrl":"https:\/\/www.aitordelgado.com\/wp-content\/uploads\/2019\/07\/logo.png","width":570,"height":86,"caption":"Aitor Delgado Basque Private Tour Guide"},"image":{"@id":"https:\/\/www.aitordelgado.com\/#\/schema\/logo\/image\/"},"sameAs":["https:\/\/www.facebook.com\/aitordelgadotours","https:\/\/x.com\/aitordelgadocom"]}]}},"_links":{"self":[{"href":"https:\/\/www.aitordelgado.com\/es\/wp-json\/wp\/v2\/pages\/12239","targetHints":{"allow":["GET"]}}],"collection":[{"href":"https:\/\/www.aitordelgado.com\/es\/wp-json\/wp\/v2\/pages"}],"about":[{"href":"https:\/\/www.aitordelgado.com\/es\/wp-json\/wp\/v2\/types\/page"}],"author":[{"embeddable":true,"href":"https:\/\/www.aitordelgado.com\/es\/wp-json\/wp\/v2\/users\/1"}],"replies":[{"embeddable":true,"href":"https:\/\/www.aitordelgado.com\/es\/wp-json\/wp\/v2\/comments?post=12239"}],"version-history":[{"count":16,"href":"https:\/\/www.aitordelgado.com\/es\/wp-json\/wp\/v2\/pages\/12239\/revisions"}],"predecessor-version":[{"id":19556,"href":"https:\/\/www.aitordelgado.com\/es\/wp-json\/wp\/v2\/pages\/12239\/revisions\/19556"}],"wp:attachment":[{"href":"https:\/\/www.aitordelgado.com\/es\/wp-json\/wp\/v2\/media?parent=12239"}],"curies":[{"name":"wp","href":"https:\/\/api.w.org\/{rel}","templated":true}]}}